{"id":924,"date":"2025-02-24T13:25:34","date_gmt":"2025-02-24T13:25:34","guid":{"rendered":"https:\/\/newinherit.eu\/?page_id=924"},"modified":"2025-12-18T10:16:14","modified_gmt":"2025-12-18T10:16:14","slug":"cultural-ambassadors-info","status":"publish","type":"page","link":"https:\/\/newinherit.eu\/index.php\/cultural-ambassadors-info\/","title":{"rendered":"Cultural Ambassadors"},"content":{"rendered":"<p>[et_pb_section fb_built=&#8221;1&#8243; admin_label=&#8221;Hero&#8221; _builder_version=&#8221;4.25.0&#8243; _module_preset=&#8221;default&#8221; background_color=&#8221;#544467&#8243; use_background_color_gradient=&#8221;on&#8221; background_color_gradient_stops=&#8221;rgba(0,0,0,0.29) 0%|rgba(255,255,255,0) 100%&#8221; background_color_gradient_overlays_image=&#8221;on&#8221; background_color_gradient_start=&#8221;rgba(0,0,0,0.5)&#8221; background_color_gradient_end=&#8221;rgba(0,0,0,0.75)&#8221; background_enable_image=&#8221;off&#8221; background_enable_mask_style=&#8221;on&#8221; background_mask_style=&#8221;triangles&#8221; custom_padding=&#8221;0vw|1px|0vw||true|false&#8221; locked=&#8221;off&#8221; collapsed=&#8221;on&#8221; global_colors_info=&#8221;{%22#544467%22:%91%22background_color%22%93}&#8221;][et_pb_row column_structure=&#8221;1_2,1_2&#8243; _builder_version=&#8221;4.24.2&#8243; _module_preset=&#8221;5138c454-be54-4233-bd3b-f8e6a8747976&#8243; locked=&#8221;off&#8221; global_colors_info=&#8221;{}&#8221;][et_pb_column type=&#8221;1_2&#8243; _builder_version=&#8221;4.23.1&#8243; _module_preset=&#8221;73121f80-a3ef-4484-8763-c3f18e3c56d2&#8243; global_colors_info=&#8221;{}&#8221;][et_pb_heading title=&#8221;NEW INHERIT&#8221; _builder_version=&#8221;4.25.1&#8243; _module_preset=&#8221;f0c675ea-2574-4d0e-b725-30f8550a8550&#8243; title_level=&#8221;h4&#8243; title_font=&#8221;Bebas Neue|Bebas Neue_weight||on|||||&#8221; title_text_color=&#8221;#49fd99&#8243; title_font_size=&#8221;40px&#8221; title_letter_spacing=&#8221;1px&#8221; title_line_height=&#8221;1.4em&#8221; custom_margin=&#8221;||10px||false|false&#8221; title_font_size_tablet=&#8221;13px&#8221; title_font_size_phone=&#8221;13px&#8221; title_font_size_last_edited=&#8221;on|desktop&#8221; locked=&#8221;off&#8221; global_colors_info=&#8221;{%22#49fd99%22:%91%22title_text_color%22%93}&#8221; title__hover_enabled=&#8221;on|hover&#8221; title__hover=&#8221;New Inherit &#8211; Creative Europe&#8221;][\/et_pb_heading][et_pb_heading title=&#8221;CULTURAL AMBASSADORS &#8221; _builder_version=&#8221;4.25.1&#8243; _module_preset=&#8221;ddeb8c09-9078-4424-bc15-2efb6572e28e&#8221; title_font=&#8221;Bebas Neue|Bebas Neue_weight|||||||&#8221; title_text_color=&#8221;#111111&#8243; title_font_size=&#8221;65px&#8221; title_line_height=&#8221;1.15em&#8221; title_font_size_tablet=&#8221;40px&#8221; title_font_size_phone=&#8221;24px&#8221; title_font_size_last_edited=&#8221;on|phone&#8221; locked=&#8221;off&#8221; global_colors_info=&#8221;{}&#8221;][\/et_pb_heading][et_pb_heading title=&#8221;The Cultural Ambassadors Program&#8221; _builder_version=&#8221;4.25.1&#8243; _module_preset=&#8221;c33f07d9-41e0-421a-8799-5799df695cce&#8221; title_level=&#8221;h2&#8243; title_font=&#8221;Bebas Neue|Bebas Neue_weight|||||||&#8221; title_text_color=&#8221;#111111&#8243; title_font_size=&#8221;40px&#8221; title_line_height=&#8221;1.2em&#8221; custom_margin=&#8221;||10px||false|false&#8221; title_font_size_tablet=&#8221;28px&#8221; title_font_size_phone=&#8221;20px&#8221; title_font_size_last_edited=&#8221;on|phone&#8221; global_colors_info=&#8221;{}&#8221;][\/et_pb_heading][et_pb_text _builder_version=&#8221;4.25.1&#8243; _module_preset=&#8221;default&#8221; text_font=&#8221;&#8211;et_global_body_font||||||||&#8221; text_font_size=&#8221;20px&#8221; global_colors_info=&#8221;{}&#8221;]<\/p>\n<p>The program engages young professionals in culture-related fields to drive community cultural activation in six Testbeds across Europe. After an open call for applications, the selected candidates participate in three study visits and training sessions (Germany, Spain, Belgium) and are integrated into a co-creation and mentoring network for cultural activation.<\/p>\n<p data-start=\"2159\" data-end=\"2572\">During the three study visits and through the mentoring program, participants will develop skills in cultural space activation and adaptive reuse of heritage spaces, contribute to local activities, promote non-formal education, and ensure the inclusion of socially excluded groups within these processes. The program will involve continuous engagement through meetings and co-creation over a 12-month period.<\/p>\n<p>[\/et_pb_text][\/et_pb_column][et_pb_column type=&#8221;1_2&#8243; _builder_version=&#8221;4.23.1&#8243; _module_preset=&#8221;73121f80-a3ef-4484-8763-c3f18e3c56d2&#8243; global_colors_info=&#8221;{}&#8221;][et_pb_image src=&#8221;https:\/\/newinherit.eu\/wp-content\/uploads\/2025\/02\/Post.jpeg&#8221; title_text=&#8221;Post&#8221; align=&#8221;center&#8221; _builder_version=&#8221;4.25.1&#8243; _module_preset=&#8221;1cc6152f-565c-4c4d-b0c9-cf8c9576c341&#8243; border_radii=&#8221;on|6px|6px|6px|6px&#8221; box_shadow_style=&#8221;preset4&#8243; box_shadow_horizontal=&#8221;0px&#8221; box_shadow_vertical=&#8221;24px&#8221; box_shadow_blur=&#8221;72px&#8221; box_shadow_spread=&#8221;-12px&#8221; box_shadow_color=&#8221;rgba(0,0,0,0.12)&#8221; locked=&#8221;off&#8221; global_colors_info=&#8221;{}&#8221;][\/et_pb_image][et_pb_image src=&#8221;https:\/\/newinherit.eu\/wp-content\/uploads\/2025\/02\/post4.jpeg&#8221; title_text=&#8221;post4&#8243; align=&#8221;center&#8221; _builder_version=&#8221;4.25.1&#8243; _module_preset=&#8221;1cc6152f-565c-4c4d-b0c9-cf8c9576c341&#8243; border_radii=&#8221;on|6px|6px|6px|6px&#8221; box_shadow_style=&#8221;preset4&#8243; box_shadow_horizontal=&#8221;0px&#8221; box_shadow_vertical=&#8221;24px&#8221; box_shadow_blur=&#8221;72px&#8221; box_shadow_spread=&#8221;-12px&#8221; box_shadow_color=&#8221;rgba(0,0,0,0.12)&#8221; locked=&#8221;off&#8221; global_colors_info=&#8221;{}&#8221;][\/et_pb_image][et_pb_text _builder_version=&#8221;4.25.1&#8243; _module_preset=&#8221;default&#8221; global_colors_info=&#8221;{}&#8221;][\/et_pb_text][\/et_pb_column][\/et_pb_row][\/et_pb_section][et_pb_section fb_built=&#8221;1&#8243; specialty=&#8221;on&#8221; admin_label=&#8221;Features&#8221; _builder_version=&#8221;4.17.6&#8243; _module_preset=&#8221;default&#8221; locked=&#8221;off&#8221; collapsed=&#8221;on&#8221; global_colors_info=&#8221;{}&#8221;][et_pb_column type=&#8221;2_3&#8243; specialty_columns=&#8221;2&#8243; _builder_version=&#8221;4.16&#8243; _module_preset=&#8221;default&#8221; custom_padding=&#8221;|||&#8221; global_colors_info=&#8221;{}&#8221; custom_padding__hover=&#8221;|||&#8221;][et_pb_row_inner _builder_version=&#8221;4.17.6&#8243; _module_preset=&#8221;default&#8221; global_colors_info=&#8221;{}&#8221;][et_pb_column_inner saved_specialty_column_type=&#8221;2_3&#8243; _builder_version=&#8221;4.16&#8243; _module_preset=&#8221;73121f80-a3ef-4484-8763-c3f18e3c56d2&#8243; global_colors_info=&#8221;{}&#8221;][et_pb_heading title=&#8221;What&#8217;s Involved?&#8221; _builder_version=&#8221;4.25.1&#8243; _module_preset=&#8221;c33f07d9-41e0-421a-8799-5799df695cce&#8221; title_level=&#8221;h2&#8243; title_font=&#8221;Bebas Neue|Bebas Neue_weight|||||||&#8221; title_text_color=&#8221;#111111&#8243; title_font_size=&#8221;50px&#8221; title_line_height=&#8221;1.2em&#8221; custom_margin=&#8221;||10px||false|false&#8221; title_font_size_tablet=&#8221;28px&#8221; title_font_size_phone=&#8221;20px&#8221; title_font_size_last_edited=&#8221;on|phone&#8221; locked=&#8221;off&#8221; global_colors_info=&#8221;{}&#8221;][\/et_pb_heading][\/et_pb_column_inner][\/et_pb_row_inner][et_pb_row_inner column_structure=&#8221;1_2,1_2&#8243; _builder_version=&#8221;4.17.6&#8243; _module_preset=&#8221;default&#8221; locked=&#8221;off&#8221; global_colors_info=&#8221;{}&#8221;][et_pb_column_inner type=&#8221;1_2&#8243; saved_specialty_column_type=&#8221;2_3&#8243; _builder_version=&#8221;4.17.6&#8243; _module_preset=&#8221;73121f80-a3ef-4484-8763-c3f18e3c56d2&#8243; global_colors_info=&#8221;{}&#8221;][et_pb_blurb title=&#8221;Mentorship&#8221; use_icon=&#8221;on&#8221; font_icon=&#8221;&#xf0a9;||fa||900&#8243; icon_color=&#8221;#0C71C3&#8243; icon_placement=&#8221;left&#8221; image_icon_width=&#8221;40px&#8221; content_max_width=&#8221;100%&#8221; _builder_version=&#8221;4.25.1&#8243; _module_preset=&#8221;65059203-12d3-44f6-8371-3f5cf61a0475&#8243; header_font=&#8221;Bebas Neue|Bebas Neue_weight|||||||&#8221; header_text_color=&#8221;#111111&#8243; header_font_size=&#8221;30px&#8221; header_line_height=&#8221;1.4em&#8221; body_font=&#8221;&#8211;et_global_body_font|Bebas Neue_weight|||||||&#8221; body_text_color=&#8221;rgba(0,0,0,0.64)&#8221; body_font_size=&#8221;19px&#8221; body_line_height=&#8221;1.75em&#8221; body_link_text_color=&#8221;#49fd99&#8243; animation=&#8221;off&#8221; header_font_size_tablet=&#8221;15px&#8221; header_font_size_phone=&#8221;14px&#8221; header_font_size_last_edited=&#8221;on|phone&#8221; body_font_size_tablet=&#8221;15px&#8221; body_font_size_phone=&#8221;14px&#8221; body_font_size_last_edited=&#8221;on|desktop&#8221; border_radii_image=&#8221;on|6px|6px|6px|6px&#8221; locked=&#8221;off&#8221; global_colors_info=&#8221;{}&#8221;]<\/p>\n<p>Receive guidance from experienced cultural professionals, As well as a Community of Peers, through a long-term mentorship program, designed to support your growth and development in the cultural sector.<\/p>\n<p>[\/et_pb_blurb][\/et_pb_column_inner][et_pb_column_inner type=&#8221;1_2&#8243; saved_specialty_column_type=&#8221;2_3&#8243; _builder_version=&#8221;4.16&#8243; _module_preset=&#8221;73121f80-a3ef-4484-8763-c3f18e3c56d2&#8243; global_colors_info=&#8221;{}&#8221;][et_pb_blurb title=&#8221;Study Visits&#8221; use_icon=&#8221;on&#8221; font_icon=&#8221;&#xf0a9;||fa||900&#8243; icon_color=&#8221;#0C71C3&#8243; icon_placement=&#8221;left&#8221; image_icon_width=&#8221;40px&#8221; content_max_width=&#8221;100%&#8221; _builder_version=&#8221;4.25.1&#8243; _module_preset=&#8221;65059203-12d3-44f6-8371-3f5cf61a0475&#8243; header_font=&#8221;Bebas Neue|Bebas Neue_weight|||||||&#8221; header_text_color=&#8221;#111111&#8243; header_font_size=&#8221;30px&#8221; header_line_height=&#8221;1.4em&#8221; body_font=&#8221;&#8211;et_global_body_font|Bebas Neue_weight|||||||&#8221; body_text_color=&#8221;rgba(0,0,0,0.64)&#8221; body_font_size=&#8221;19px&#8221; body_line_height=&#8221;1.75em&#8221; body_link_text_color=&#8221;#49fd99&#8243; animation=&#8221;off&#8221; header_font_size_tablet=&#8221;15px&#8221; header_font_size_phone=&#8221;14px&#8221; header_font_size_last_edited=&#8221;on|phone&#8221; body_font_size_tablet=&#8221;15px&#8221; body_font_size_phone=&#8221;14px&#8221; body_font_size_last_edited=&#8221;on|desktop&#8221; border_radii_image=&#8221;on|6px|6px|6px|6px&#8221; locked=&#8221;off&#8221; global_colors_info=&#8221;{}&#8221;]<\/p>\n<p>Participate in three study visits to Germany, Spain, and Belgium, exploring successful placemaking cases and gaining hands-on experience in cultural space activation.<\/p>\n<p>[\/et_pb_blurb][\/et_pb_column_inner][\/et_pb_row_inner][et_pb_row_inner column_structure=&#8221;1_2,1_2&#8243; _builder_version=&#8221;4.17.6&#8243; _module_preset=&#8221;default&#8221; locked=&#8221;off&#8221; global_colors_info=&#8221;{}&#8221;][et_pb_column_inner type=&#8221;1_2&#8243; saved_specialty_column_type=&#8221;2_3&#8243; _builder_version=&#8221;4.16&#8243; _module_preset=&#8221;73121f80-a3ef-4484-8763-c3f18e3c56d2&#8243; global_colors_info=&#8221;{}&#8221;][et_pb_blurb title=&#8221;Networking&#8221; use_icon=&#8221;on&#8221; font_icon=&#8221;&#xf0a9;||fa||900&#8243; icon_color=&#8221;#0C71C3&#8243; icon_placement=&#8221;left&#8221; image_icon_width=&#8221;40px&#8221; content_max_width=&#8221;100%&#8221; _builder_version=&#8221;4.25.1&#8243; _module_preset=&#8221;65059203-12d3-44f6-8371-3f5cf61a0475&#8243; header_font=&#8221;Bebas Neue|Bebas Neue_weight|||||||&#8221; header_text_color=&#8221;#111111&#8243; header_font_size=&#8221;30px&#8221; header_line_height=&#8221;1.4em&#8221; body_font=&#8221;&#8211;et_global_body_font|500|||||||&#8221; body_text_color=&#8221;rgba(0,0,0,0.64)&#8221; body_font_size=&#8221;19px&#8221; body_line_height=&#8221;1.75em&#8221; body_link_text_color=&#8221;#49fd99&#8243; animation=&#8221;off&#8221; header_font_size_tablet=&#8221;15px&#8221; header_font_size_phone=&#8221;14px&#8221; header_font_size_last_edited=&#8221;on|phone&#8221; body_font_size_tablet=&#8221;15px&#8221; body_font_size_phone=&#8221;14px&#8221; body_font_size_last_edited=&#8221;on|desktop&#8221; border_radii_image=&#8221;on|6px|6px|6px|6px&#8221; locked=&#8221;off&#8221; global_colors_info=&#8221;{}&#8221;]<\/p>\n<p>Connect with a network of cultural ambassadors, local partners, and NEtworks across Europe.<\/p>\n<p>[\/et_pb_blurb][\/et_pb_column_inner][et_pb_column_inner type=&#8221;1_2&#8243; saved_specialty_column_type=&#8221;2_3&#8243; _builder_version=&#8221;4.16&#8243; _module_preset=&#8221;73121f80-a3ef-4484-8763-c3f18e3c56d2&#8243; global_colors_info=&#8221;{}&#8221;][et_pb_blurb title=&#8221;Funded Local Actions&#8221; use_icon=&#8221;on&#8221; font_icon=&#8221;&#xf0a9;||fa||900&#8243; icon_color=&#8221;#0C71C3&#8243; icon_placement=&#8221;left&#8221; image_icon_width=&#8221;40px&#8221; content_max_width=&#8221;100%&#8221; _builder_version=&#8221;4.25.1&#8243; _module_preset=&#8221;65059203-12d3-44f6-8371-3f5cf61a0475&#8243; header_font=&#8221;Bebas Neue|Bebas Neue_weight|||||||&#8221; header_text_color=&#8221;#111111&#8243; header_font_size=&#8221;30px&#8221; header_line_height=&#8221;1.4em&#8221; body_font=&#8221;&#8211;et_global_body_font|500|||||||&#8221; body_text_color=&#8221;rgba(0,0,0,0.64)&#8221; body_font_size=&#8221;19px&#8221; body_line_height=&#8221;1.75em&#8221; body_link_text_color=&#8221;#49fd99&#8243; animation=&#8221;off&#8221; header_font_size_tablet=&#8221;15px&#8221; header_font_size_phone=&#8221;14px&#8221; header_font_size_last_edited=&#8221;on|phone&#8221; body_font_size_tablet=&#8221;15px&#8221; body_font_size_phone=&#8221;14px&#8221; body_font_size_last_edited=&#8221;on|desktop&#8221; border_radii_image=&#8221;on|6px|6px|6px|6px&#8221; locked=&#8221;off&#8221; global_colors_info=&#8221;{}&#8221;]<\/p>\n<p>Engage in funded local actions within our Testbed Sites, applying your skills and creativity to real-world cultural projects with the support of our program.<\/p>\n<p>[\/et_pb_blurb][\/et_pb_column_inner][\/et_pb_row_inner][\/et_pb_column][et_pb_column type=&#8221;1_3&#8243; _builder_version=&#8221;4.16&#8243; _module_preset=&#8221;73121f80-a3ef-4484-8763-c3f18e3c56d2&#8243; custom_padding=&#8221;|||&#8221; global_colors_info=&#8221;{}&#8221; custom_padding__hover=&#8221;|||&#8221;][et_pb_image src=&#8221;https:\/\/newinherit.eu\/wp-content\/uploads\/2024\/08\/photo_2024-08-02-13.17.50.jpeg&#8221; title_text=&#8221;photo_2024-08-02-13.17.50&#8243; _builder_version=&#8221;4.25.1&#8243; _module_preset=&#8221;8249bb47-7bda-4c77-8a37-2a958f7a9826&#8243; border_radii=&#8221;on|6px|6px|6px|6px&#8221; locked=&#8221;off&#8221; global_colors_info=&#8221;{}&#8221;][\/et_pb_image][et_pb_image src=&#8221;https:\/\/newinherit.eu\/wp-content\/uploads\/2024\/06\/12.png&#8221; title_text=&#8221;12&#8243; _builder_version=&#8221;4.25.1&#8243; _module_preset=&#8221;8249bb47-7bda-4c77-8a37-2a958f7a9826&#8243; border_radii=&#8221;on|6px|6px|6px|6px&#8221; locked=&#8221;off&#8221; global_colors_info=&#8221;{}&#8221;][\/et_pb_image][\/et_pb_column][\/et_pb_section][et_pb_section fb_built=&#8221;1&#8243; _builder_version=&#8221;4.25.1&#8243; _module_preset=&#8221;default&#8221; global_colors_info=&#8221;{}&#8221;][et_pb_row column_structure=&#8221;1_3,1_3,1_3&#8243; _builder_version=&#8221;4.25.1&#8243; _module_preset=&#8221;default&#8221; global_colors_info=&#8221;{}&#8221;][et_pb_column type=&#8221;1_3&#8243; _builder_version=&#8221;4.25.1&#8243; _module_preset=&#8221;default&#8221; global_colors_info=&#8221;{}&#8221;][et_pb_image src=&#8221;https:\/\/www.cge-erfurt.org\/wp-content\/uploads\/2024\/08\/3-copy-2048&#215;1363.jpg&#8221; _builder_version=&#8221;4.25.1&#8243; _module_preset=&#8221;default&#8221; global_colors_info=&#8221;{}&#8221;][\/et_pb_image][\/et_pb_column][et_pb_column type=&#8221;1_3&#8243; _builder_version=&#8221;4.25.1&#8243; _module_preset=&#8221;default&#8221; global_colors_info=&#8221;{}&#8221;][et_pb_image src=&#8221;https:\/\/www.cge-erfurt.org\/wp-content\/uploads\/2024\/08\/23-copy-2048&#215;1363.jpg&#8221; _builder_version=&#8221;4.25.1&#8243; _module_preset=&#8221;default&#8221; global_colors_info=&#8221;{}&#8221;][\/et_pb_image][\/et_pb_column][et_pb_column type=&#8221;1_3&#8243; _builder_version=&#8221;4.25.1&#8243; _module_preset=&#8221;default&#8221; global_colors_info=&#8221;{}&#8221;][et_pb_image src=&#8221;https:\/\/www.cge-erfurt.org\/wp-content\/uploads\/2024\/08\/24-copy-2048&#215;1363.jpg&#8221; _builder_version=&#8221;4.25.1&#8243; _module_preset=&#8221;default&#8221; global_colors_info=&#8221;{}&#8221;][\/et_pb_image][\/et_pb_column][\/et_pb_row][\/et_pb_section][et_pb_section fb_built=&#8221;1&#8243; admin_label=&#8221;Timeline&#8221; _builder_version=&#8221;4.18.0&#8243; _module_preset=&#8221;default&#8221; custom_padding=&#8221;|1px||||&#8221; locked=&#8221;off&#8221; collapsed=&#8221;on&#8221; global_colors_info=&#8221;{}&#8221;][et_pb_row _builder_version=&#8221;4.18.0&#8243; _module_preset=&#8221;5138c454-be54-4233-bd3b-f8e6a8747976&#8243; global_colors_info=&#8221;{}&#8221;][et_pb_column type=&#8221;4_4&#8243; _builder_version=&#8221;4.18.0&#8243; _module_preset=&#8221;73121f80-a3ef-4484-8763-c3f18e3c56d2&#8243; global_colors_info=&#8221;{}&#8221;][et_pb_heading title=&#8221;Cultural Ambassadors Initiatives 2024-2025&#8243; _builder_version=&#8221;4.25.1&#8243; _module_preset=&#8221;c33f07d9-41e0-421a-8799-5799df695cce&#8221; title_level=&#8221;h2&#8243; title_font=&#8221;|700||on|||||&#8221; title_text_align=&#8221;center&#8221; title_text_color=&#8221;#111111&#8243; title_font_size=&#8221;44px&#8221; title_line_height=&#8221;1.2em&#8221; custom_margin=&#8221;||10px||false|false&#8221; title_font_size_tablet=&#8221;28px&#8221; title_font_size_phone=&#8221;20px&#8221; title_font_size_last_edited=&#8221;on|phone&#8221; global_colors_info=&#8221;{}&#8221;][\/et_pb_heading][\/et_pb_column][\/et_pb_row][et_pb_row column_structure=&#8221;1_4,1_4,1_4,1_4&#8243; use_custom_gutter=&#8221;on&#8221; gutter_width=&#8221;2&#8243; make_equal=&#8221;on&#8221; _builder_version=&#8221;4.25.1&#8243; _module_preset=&#8221;5138c454-be54-4233-bd3b-f8e6a8747976&#8243; global_colors_info=&#8221;{}&#8221;][et_pb_column type=&#8221;1_4&#8243; _builder_version=&#8221;4.24.0&#8243; _module_preset=&#8221;73121f80-a3ef-4484-8763-c3f18e3c56d2&#8243; custom_padding=&#8221;|||20px|false|false&#8221; border_color_all=&#8221;rgba(0,0,0,0.08)&#8221; border_width_left=&#8221;2px&#8221; global_colors_info=&#8221;{}&#8221;][et_pb_heading title=&#8221;November 2024&#8243; _builder_version=&#8221;4.25.1&#8243; _module_preset=&#8221;ba4a6336-701f-47b8-bf5c-09da0ce28016&#8243; title_level=&#8221;h3&#8243; title_font=&#8221;Bebas Neue|Bebas Neue_weight|||||||&#8221; title_text_color=&#8221;#0C71C3&#8243; title_font_size=&#8221;38px&#8221; title_line_height=&#8221;1.3em&#8221; custom_margin=&#8221;||10px||false|false&#8221; title_font_size_tablet=&#8221;22px&#8221; title_font_size_phone=&#8221;17px&#8221; title_font_size_last_edited=&#8221;on|phone&#8221; global_colors_info=&#8221;{%22#49fd99%22:%91%22title_text_color%22%93}&#8221;][\/et_pb_heading][et_pb_heading title=&#8221;Reactivation of cultural spaces in Germany&#8221; _builder_version=&#8221;4.25.1&#8243; _module_preset=&#8221;a3805066-8711-43c7-9f62-5782da0e9f7a&#8221; title_level=&#8221;h5&#8243; title_font=&#8221;Bebas Neue|Bebas Neue_weight|||||||&#8221; title_text_color=&#8221;#111111&#8243; title_font_size=&#8221;19px&#8221; title_line_height=&#8221;1.4em&#8221; custom_margin=&#8221;||10px||false|false&#8221; title_font_size_tablet=&#8221;15px&#8221; title_font_size_phone=&#8221;14px&#8221; title_font_size_last_edited=&#8221;on|phone&#8221; global_colors_info=&#8221;{}&#8221;][\/et_pb_heading][et_pb_text quote_border_color=&#8221;#544467&#8243; _builder_version=&#8221;4.25.1&#8243; _module_preset=&#8221;2c55a9c4-feed-423b-9edb-ae0b5b365cac&#8221; text_font=&#8221;&#8211;et_global_body_font|Bebas Neue_weight|||||||&#8221; text_text_color=&#8221;rgba(0,0,0,0.64)&#8221; text_font_size=&#8221;18px&#8221; text_line_height=&#8221;1.75em&#8221; link_font=&#8221;|Bebas Neue_weight|||||||&#8221; link_text_color=&#8221;#49fd99&#8243; quote_font=&#8221;Bebas Neue|Bebas Neue_weight|||||||&#8221; quote_text_color=&#8221;#111111&#8243; header_font=&#8221;Bebas Neue|Bebas Neue_weight|||||||&#8221; header_text_color=&#8221;#111111&#8243; header_font_size=&#8221;72px&#8221; header_line_height=&#8221;1.15em&#8221; header_2_font=&#8221;Bebas Neue|Bebas Neue_weight|||||||&#8221; header_2_text_color=&#8221;#111111&#8243; header_2_font_size=&#8221;50px&#8221; header_2_line_height=&#8221;1.2em&#8221; header_3_font=&#8221;Bebas Neue|Bebas Neue_weight|||||||&#8221; header_3_text_color=&#8221;#111111&#8243; header_3_font_size=&#8221;32px&#8221; header_3_line_height=&#8221;1.3em&#8221; header_4_font=&#8221;Bebas Neue|Bebas Neue_weight|||||||&#8221; header_4_text_color=&#8221;#111111&#8243; header_4_font_size=&#8221;24px&#8221; header_4_line_height=&#8221;1.4em&#8221; header_5_font=&#8221;Bebas Neue|Bebas Neue_weight|||||||&#8221; header_5_text_color=&#8221;#111111&#8243; header_5_font_size=&#8221;18px&#8221; header_5_line_height=&#8221;1.4em&#8221; header_6_font=&#8221;Bebas Neue|Bebas Neue_weight|||||||&#8221; header_6_text_color=&#8221;#111111&#8243; header_6_line_height=&#8221;1.5em&#8221; custom_margin=&#8221;||30px||false|false&#8221; text_font_size_tablet=&#8221;15px&#8221; text_font_size_phone=&#8221;14px&#8221; text_font_size_last_edited=&#8221;on|phone&#8221; header_font_size_tablet=&#8221;40px&#8221; header_font_size_phone=&#8221;24px&#8221; header_font_size_last_edited=&#8221;on|desktop&#8221; header_2_font_size_tablet=&#8221;28px&#8221; header_2_font_size_phone=&#8221;20px&#8221; header_2_font_size_last_edited=&#8221;on|phone&#8221; header_3_font_size_tablet=&#8221;22px&#8221; header_3_font_size_phone=&#8221;17px&#8221; header_3_font_size_last_edited=&#8221;on|phone&#8221; header_4_font_size_tablet=&#8221;18px&#8221; header_4_font_size_phone=&#8221;15px&#8221; header_4_font_size_last_edited=&#8221;on|tablet&#8221; header_5_font_size_tablet=&#8221;15px&#8221; header_5_font_size_phone=&#8221;14px&#8221; header_5_font_size_last_edited=&#8221;on|desktop&#8221; header_6_font_size_tablet=&#8221;13px&#8221; header_6_font_size_phone=&#8221;13px&#8221; header_6_font_size_last_edited=&#8221;on|desktop&#8221; global_colors_info=&#8221;{}&#8221;]<\/p>\n<p><span>Pilot projects began in selected cultural sites, showcasing innovative approaches to adaptive reuse and cultural entrepreneurship.<\/span><\/p>\n<p>[\/et_pb_text][\/et_pb_column][et_pb_column type=&#8221;1_4&#8243; _builder_version=&#8221;4.24.0&#8243; _module_preset=&#8221;73121f80-a3ef-4484-8763-c3f18e3c56d2&#8243; custom_padding=&#8221;|||20px|false|false&#8221; border_color_all=&#8221;rgba(0,0,0,0.08)&#8221; border_width_left=&#8221;2px&#8221; global_colors_info=&#8221;{}&#8221;][et_pb_heading title=&#8221;April 2025&#8243; _builder_version=&#8221;4.25.1&#8243; _module_preset=&#8221;ba4a6336-701f-47b8-bf5c-09da0ce28016&#8243; title_level=&#8221;h3&#8243; title_font=&#8221;Bebas Neue|Bebas Neue_weight|||||||&#8221; title_text_color=&#8221;#0C71C3&#8243; title_font_size=&#8221;38px&#8221; title_line_height=&#8221;1.3em&#8221; custom_margin=&#8221;||10px||false|false&#8221; title_font_size_tablet=&#8221;22px&#8221; title_font_size_phone=&#8221;17px&#8221; title_font_size_last_edited=&#8221;on|phone&#8221; global_colors_info=&#8221;{%22#49fd99%22:%91%22title_text_color%22%93}&#8221;][\/et_pb_heading][et_pb_heading title=&#8221;Activation of cultural spaces in Spain&#8221; _builder_version=&#8221;4.25.1&#8243; _module_preset=&#8221;a3805066-8711-43c7-9f62-5782da0e9f7a&#8221; title_level=&#8221;h5&#8243; title_font=&#8221;Bebas Neue|Bebas Neue_weight|||||||&#8221; title_text_color=&#8221;#111111&#8243; title_font_size=&#8221;19px&#8221; title_line_height=&#8221;1.4em&#8221; custom_margin=&#8221;||10px||false|false&#8221; title_font_size_tablet=&#8221;15px&#8221; title_font_size_phone=&#8221;14px&#8221; title_font_size_last_edited=&#8221;on|phone&#8221; global_colors_info=&#8221;{}&#8221;][\/et_pb_heading][et_pb_text quote_border_color=&#8221;#544467&#8243; _builder_version=&#8221;4.25.1&#8243; _module_preset=&#8221;2c55a9c4-feed-423b-9edb-ae0b5b365cac&#8221; text_font=&#8221;&#8211;et_global_body_font|Bebas Neue_weight|||||||&#8221; text_text_color=&#8221;rgba(0,0,0,0.64)&#8221; text_font_size=&#8221;18px&#8221; text_line_height=&#8221;1.75em&#8221; link_font=&#8221;|Bebas Neue_weight|||||||&#8221; link_text_color=&#8221;#49fd99&#8243; quote_font=&#8221;Bebas Neue|Bebas Neue_weight|||||||&#8221; quote_text_color=&#8221;#111111&#8243; header_font=&#8221;Bebas Neue|Bebas Neue_weight|||||||&#8221; header_text_color=&#8221;#111111&#8243; header_font_size=&#8221;72px&#8221; header_line_height=&#8221;1.15em&#8221; header_2_font=&#8221;Bebas Neue|Bebas Neue_weight|||||||&#8221; header_2_text_color=&#8221;#111111&#8243; header_2_font_size=&#8221;50px&#8221; header_2_line_height=&#8221;1.2em&#8221; header_3_font=&#8221;Bebas Neue|Bebas Neue_weight|||||||&#8221; header_3_text_color=&#8221;#111111&#8243; header_3_font_size=&#8221;32px&#8221; header_3_line_height=&#8221;1.3em&#8221; header_4_font=&#8221;Bebas Neue|Bebas Neue_weight|||||||&#8221; header_4_text_color=&#8221;#111111&#8243; header_4_font_size=&#8221;24px&#8221; header_4_line_height=&#8221;1.4em&#8221; header_5_font=&#8221;Bebas Neue|Bebas Neue_weight|||||||&#8221; header_5_text_color=&#8221;#111111&#8243; header_5_font_size=&#8221;18px&#8221; header_5_line_height=&#8221;1.4em&#8221; header_6_font=&#8221;Bebas Neue|Bebas Neue_weight|||||||&#8221; header_6_text_color=&#8221;#111111&#8243; header_6_line_height=&#8221;1.5em&#8221; custom_margin=&#8221;||30px||false|false&#8221; text_font_size_tablet=&#8221;15px&#8221; text_font_size_phone=&#8221;14px&#8221; text_font_size_last_edited=&#8221;on|phone&#8221; header_font_size_tablet=&#8221;40px&#8221; header_font_size_phone=&#8221;24px&#8221; header_font_size_last_edited=&#8221;on|desktop&#8221; header_2_font_size_tablet=&#8221;28px&#8221; header_2_font_size_phone=&#8221;20px&#8221; header_2_font_size_last_edited=&#8221;on|phone&#8221; header_3_font_size_tablet=&#8221;22px&#8221; header_3_font_size_phone=&#8221;17px&#8221; header_3_font_size_last_edited=&#8221;on|phone&#8221; header_4_font_size_tablet=&#8221;18px&#8221; header_4_font_size_phone=&#8221;15px&#8221; header_4_font_size_last_edited=&#8221;on|tablet&#8221; header_5_font_size_tablet=&#8221;15px&#8221; header_5_font_size_phone=&#8221;14px&#8221; header_5_font_size_last_edited=&#8221;on|desktop&#8221; header_6_font_size_tablet=&#8221;13px&#8221; header_6_font_size_phone=&#8221;13px&#8221; header_6_font_size_last_edited=&#8221;on|desktop&#8221; global_colors_info=&#8221;{}&#8221;]<\/p>\n<p><span>The labs will focus on developing and testing new cultural practices, technologies, and experiences, providing a platform for diverse communities to engage and co-create.<\/span><\/p>\n<p>[\/et_pb_text][\/et_pb_column][et_pb_column type=&#8221;1_4&#8243; _builder_version=&#8221;4.24.0&#8243; _module_preset=&#8221;73121f80-a3ef-4484-8763-c3f18e3c56d2&#8243; custom_padding=&#8221;|||20px|false|false&#8221; border_color_all=&#8221;rgba(0,0,0,0.08)&#8221; border_width_left=&#8221;2px&#8221; global_colors_info=&#8221;{}&#8221;][et_pb_heading title=&#8221;April &#8211; September&#8221; _builder_version=&#8221;4.25.1&#8243; _module_preset=&#8221;ba4a6336-701f-47b8-bf5c-09da0ce28016&#8243; title_level=&#8221;h3&#8243; title_font=&#8221;Bebas Neue|Bebas Neue_weight|||||||&#8221; title_text_color=&#8221;#0C71C3&#8243; title_font_size=&#8221;38px&#8221; title_line_height=&#8221;1.3em&#8221; custom_margin=&#8221;||10px||false|false&#8221; title_font_size_tablet=&#8221;22px&#8221; title_font_size_phone=&#8221;17px&#8221; title_font_size_last_edited=&#8221;on|phone&#8221; global_colors_info=&#8221;{%22#49fd99%22:%91%22title_text_color%22%93}&#8221;][\/et_pb_heading][et_pb_heading title=&#8221;Activation of cultural spaces in 6 testbeds&#8221; _builder_version=&#8221;4.25.1&#8243; _module_preset=&#8221;a3805066-8711-43c7-9f62-5782da0e9f7a&#8221; title_level=&#8221;h5&#8243; title_font=&#8221;Bebas Neue|Bebas Neue_weight|||||||&#8221; title_text_color=&#8221;#111111&#8243; title_font_size=&#8221;19px&#8221; title_line_height=&#8221;1.4em&#8221; custom_margin=&#8221;||10px||false|false&#8221; title_font_size_tablet=&#8221;15px&#8221; title_font_size_phone=&#8221;14px&#8221; title_font_size_last_edited=&#8221;on|phone&#8221; global_colors_info=&#8221;{}&#8221;][\/et_pb_heading][et_pb_text quote_border_color=&#8221;#544467&#8243; _builder_version=&#8221;4.25.1&#8243; _module_preset=&#8221;2c55a9c4-feed-423b-9edb-ae0b5b365cac&#8221; text_font=&#8221;&#8211;et_global_body_font|Bebas Neue_weight|||||||&#8221; text_text_color=&#8221;rgba(0,0,0,0.64)&#8221; text_font_size=&#8221;18px&#8221; text_line_height=&#8221;1.75em&#8221; link_font=&#8221;|Bebas Neue_weight|||||||&#8221; link_text_color=&#8221;#49fd99&#8243; quote_font=&#8221;Bebas Neue|Bebas Neue_weight|||||||&#8221; quote_text_color=&#8221;#111111&#8243; header_font=&#8221;Bebas Neue|Bebas Neue_weight|||||||&#8221; header_text_color=&#8221;#111111&#8243; header_font_size=&#8221;72px&#8221; header_line_height=&#8221;1.15em&#8221; header_2_font=&#8221;Bebas Neue|Bebas Neue_weight|||||||&#8221; header_2_text_color=&#8221;#111111&#8243; header_2_font_size=&#8221;50px&#8221; header_2_line_height=&#8221;1.2em&#8221; header_3_font=&#8221;Bebas Neue|Bebas Neue_weight|||||||&#8221; header_3_text_color=&#8221;#111111&#8243; header_3_font_size=&#8221;32px&#8221; header_3_line_height=&#8221;1.3em&#8221; header_4_font=&#8221;Bebas Neue|Bebas Neue_weight|||||||&#8221; header_4_text_color=&#8221;#111111&#8243; header_4_font_size=&#8221;24px&#8221; header_4_line_height=&#8221;1.4em&#8221; header_5_font=&#8221;Bebas Neue|Bebas Neue_weight|||||||&#8221; header_5_text_color=&#8221;#111111&#8243; header_5_font_size=&#8221;18px&#8221; header_5_line_height=&#8221;1.4em&#8221; header_6_font=&#8221;Bebas Neue|Bebas Neue_weight|||||||&#8221; header_6_text_color=&#8221;#111111&#8243; header_6_line_height=&#8221;1.5em&#8221; custom_margin=&#8221;||30px||false|false&#8221; text_font_size_tablet=&#8221;15px&#8221; text_font_size_phone=&#8221;14px&#8221; text_font_size_last_edited=&#8221;on|phone&#8221; header_font_size_tablet=&#8221;40px&#8221; header_font_size_phone=&#8221;24px&#8221; header_font_size_last_edited=&#8221;on|desktop&#8221; header_2_font_size_tablet=&#8221;28px&#8221; header_2_font_size_phone=&#8221;20px&#8221; header_2_font_size_last_edited=&#8221;on|phone&#8221; header_3_font_size_tablet=&#8221;22px&#8221; header_3_font_size_phone=&#8221;17px&#8221; header_3_font_size_last_edited=&#8221;on|phone&#8221; header_4_font_size_tablet=&#8221;18px&#8221; header_4_font_size_phone=&#8221;15px&#8221; header_4_font_size_last_edited=&#8221;on|tablet&#8221; header_5_font_size_tablet=&#8221;15px&#8221; header_5_font_size_phone=&#8221;14px&#8221; header_5_font_size_last_edited=&#8221;on|desktop&#8221; header_6_font_size_tablet=&#8221;13px&#8221; header_6_font_size_phone=&#8221;13px&#8221; header_6_font_size_last_edited=&#8221;on|desktop&#8221; global_colors_info=&#8221;{}&#8221;]<\/p>\n<p><span>The initiatives will center on exploring and evaluating innovative cultural approaches, digital tools, and interactions while revitalizing cultural venues across six testbeds, offering a space for diverse communities to connect and collaborate.<\/span><\/p>\n<p>[\/et_pb_text][\/et_pb_column][et_pb_column type=&#8221;1_4&#8243; _builder_version=&#8221;4.24.0&#8243; _module_preset=&#8221;73121f80-a3ef-4484-8763-c3f18e3c56d2&#8243; custom_padding=&#8221;|||20px|false|false&#8221; border_color_all=&#8221;rgba(0,0,0,0.08)&#8221; border_width_left=&#8221;2px&#8221; global_colors_info=&#8221;{}&#8221;][et_pb_heading title=&#8221;October 2025&#8243; _builder_version=&#8221;4.25.1&#8243; _module_preset=&#8221;ba4a6336-701f-47b8-bf5c-09da0ce28016&#8243; title_level=&#8221;h3&#8243; title_font=&#8221;Bebas Neue|Bebas Neue_weight|||||||&#8221; title_text_color=&#8221;#0C71C3&#8243; title_font_size=&#8221;38px&#8221; title_line_height=&#8221;1.3em&#8221; custom_margin=&#8221;||10px||false|false&#8221; title_font_size_tablet=&#8221;22px&#8221; title_font_size_phone=&#8221;17px&#8221; title_font_size_last_edited=&#8221;on|phone&#8221; global_colors_info=&#8221;{%22#49fd99%22:%91%22title_text_color%22%93}&#8221;][\/et_pb_heading][et_pb_heading title=&#8221;Training course and case visit in Brussels&#8221; _builder_version=&#8221;4.25.1&#8243; _module_preset=&#8221;a3805066-8711-43c7-9f62-5782da0e9f7a&#8221; title_level=&#8221;h5&#8243; title_font=&#8221;Bebas Neue|Bebas Neue_weight|||||||&#8221; title_text_color=&#8221;#111111&#8243; title_font_size=&#8221;19px&#8221; title_line_height=&#8221;1.4em&#8221; custom_margin=&#8221;||10px||false|false&#8221; title_font_size_tablet=&#8221;15px&#8221; title_font_size_phone=&#8221;14px&#8221; title_font_size_last_edited=&#8221;on|phone&#8221; global_colors_info=&#8221;{}&#8221;][\/et_pb_heading][et_pb_text quote_border_color=&#8221;#544467&#8243; _builder_version=&#8221;4.25.1&#8243; _module_preset=&#8221;2c55a9c4-feed-423b-9edb-ae0b5b365cac&#8221; text_font=&#8221;&#8211;et_global_body_font|Bebas Neue_weight|||||||&#8221; text_text_color=&#8221;rgba(0,0,0,0.64)&#8221; text_font_size=&#8221;18px&#8221; text_line_height=&#8221;1.75em&#8221; link_font=&#8221;|Bebas Neue_weight|||||||&#8221; link_text_color=&#8221;#49fd99&#8243; quote_font=&#8221;Bebas Neue|Bebas Neue_weight|||||||&#8221; quote_text_color=&#8221;#111111&#8243; header_font=&#8221;Bebas Neue|Bebas Neue_weight|||||||&#8221; header_text_color=&#8221;#111111&#8243; header_font_size=&#8221;72px&#8221; header_line_height=&#8221;1.15em&#8221; header_2_font=&#8221;Bebas Neue|Bebas Neue_weight|||||||&#8221; header_2_text_color=&#8221;#111111&#8243; header_2_font_size=&#8221;50px&#8221; header_2_line_height=&#8221;1.2em&#8221; header_3_font=&#8221;Bebas Neue|Bebas Neue_weight|||||||&#8221; header_3_text_color=&#8221;#111111&#8243; header_3_font_size=&#8221;32px&#8221; header_3_line_height=&#8221;1.3em&#8221; header_4_font=&#8221;Bebas Neue|Bebas Neue_weight|||||||&#8221; header_4_text_color=&#8221;#111111&#8243; header_4_font_size=&#8221;24px&#8221; header_4_line_height=&#8221;1.4em&#8221; header_5_font=&#8221;Bebas Neue|Bebas Neue_weight|||||||&#8221; header_5_text_color=&#8221;#111111&#8243; header_5_font_size=&#8221;18px&#8221; header_5_line_height=&#8221;1.4em&#8221; header_6_font=&#8221;Bebas Neue|Bebas Neue_weight|||||||&#8221; header_6_text_color=&#8221;#111111&#8243; header_6_line_height=&#8221;1.5em&#8221; custom_margin=&#8221;||30px||false|false&#8221; text_font_size_tablet=&#8221;15px&#8221; text_font_size_phone=&#8221;14px&#8221; text_font_size_last_edited=&#8221;on|phone&#8221; header_font_size_tablet=&#8221;40px&#8221; header_font_size_phone=&#8221;24px&#8221; header_font_size_last_edited=&#8221;on|desktop&#8221; header_2_font_size_tablet=&#8221;28px&#8221; header_2_font_size_phone=&#8221;20px&#8221; header_2_font_size_last_edited=&#8221;on|phone&#8221; header_3_font_size_tablet=&#8221;22px&#8221; header_3_font_size_phone=&#8221;17px&#8221; header_3_font_size_last_edited=&#8221;on|phone&#8221; header_4_font_size_tablet=&#8221;18px&#8221; header_4_font_size_phone=&#8221;15px&#8221; header_4_font_size_last_edited=&#8221;on|tablet&#8221; header_5_font_size_tablet=&#8221;15px&#8221; header_5_font_size_phone=&#8221;14px&#8221; header_5_font_size_last_edited=&#8221;on|desktop&#8221; header_6_font_size_tablet=&#8221;13px&#8221; header_6_font_size_phone=&#8221;13px&#8221; header_6_font_size_last_edited=&#8221;on|desktop&#8221; global_colors_info=&#8221;{}&#8221;]<\/p>\n<p><span>It seeks to inspire creativity, promote inclusion, and drive sustainability within cultural sectors, culminating in final activities where cultural ambassadors can showcase their co-created solutions and innovations.<\/span><\/p>\n<p>[\/et_pb_text][\/et_pb_column][\/et_pb_row][\/et_pb_section][et_pb_section fb_built=&#8221;1&#8243; _builder_version=&#8221;4.25.1&#8243; _module_preset=&#8221;default&#8221; global_colors_info=&#8221;{}&#8221;][et_pb_row _builder_version=&#8221;4.25.1&#8243; _module_preset=&#8221;default&#8221; global_colors_info=&#8221;{}&#8221;][et_pb_column type=&#8221;4_4&#8243; _builder_version=&#8221;4.25.1&#8243; _module_preset=&#8221;default&#8221; global_colors_info=&#8221;{}&#8221;][et_pb_heading title=&#8221;MEET OUR CULTURAL AMBASSADORS&#8221; _builder_version=&#8221;4.25.1&#8243; _module_preset=&#8221;default&#8221; title_font=&#8221;|700|||||||&#8221; title_text_align=&#8221;center&#8221; title_font_size=&#8221;45px&#8221; global_colors_info=&#8221;{}&#8221;][\/et_pb_heading][\/et_pb_column][\/et_pb_row][\/et_pb_section][et_pb_section fb_built=&#8221;1&#8243; _builder_version=&#8221;4.25.1&#8243; _module_preset=&#8221;default&#8221; global_colors_info=&#8221;{}&#8221;][et_pb_row column_structure=&#8221;1_3,1_3,1_3&#8243; _builder_version=&#8221;4.25.1&#8243; _module_preset=&#8221;default&#8221; global_colors_info=&#8221;{}&#8221;][et_pb_column type=&#8221;1_3&#8243; _builder_version=&#8221;4.25.1&#8243; _module_preset=&#8221;default&#8221; global_colors_info=&#8221;{}&#8221;][et_pb_heading title=&#8221;Bulgaria&#8221; _builder_version=&#8221;4.25.1&#8243; _module_preset=&#8221;default&#8221; title_font=&#8221;|600|||||||&#8221; title_text_align=&#8221;center&#8221; title_font_size=&#8221;40px&#8221; global_colors_info=&#8221;{}&#8221;][\/et_pb_heading][et_pb_slider _builder_version=&#8221;4.25.1&#8243; _module_preset=&#8221;default&#8221; header_font=&#8221;||||on||||&#8221; background_color=&#8221;#544467&#8243; global_colors_info=&#8221;{}&#8221;][et_pb_slide heading=&#8221;Yana Petrova&#8221; button_text=&#8221;LinkedIN&#8221; button_link=&#8221;https:\/\/www.facebook.com\/share\/1FRU4r2yES\/?mibextid=wwXIfr&#8221; image=&#8221;https:\/\/newinherit.eu\/wp-content\/uploads\/2025\/04\/Bl-2.png&#8221; _builder_version=&#8221;4.25.1&#8243; _module_preset=&#8221;default&#8221; background_enable_image=&#8221;off&#8221; global_colors_info=&#8221;{}&#8221; sticky_transition=&#8221;on&#8221;]<\/p>\n<p>Philosopher with experience in investment projects in the field of cultural heritage; digitization and mapping of cultural, historical and natural sites with an interest in creating sustainable management models by exploring the needs of different stakeholders.<\/p>\n<p>[\/et_pb_slide][et_pb_slide heading=&#8221;Nedelya Syarova&#8221; button_text=&#8221;LinkedIN&#8221; image=&#8221;https:\/\/newinherit.eu\/wp-content\/uploads\/2025\/04\/g.png&#8221; _builder_version=&#8221;4.25.1&#8243; _module_preset=&#8221;default&#8221; background_enable_image=&#8221;off&#8221; global_colors_info=&#8221;{}&#8221; sticky_transition=&#8221;on&#8221;]<\/p>\n<p>Anthropologist with an interest in cultural analysis, fieldwork and understanding of social dynamics. She is an intern at Greenpeace, where she focuses on sustainable environmental practices, community building, volunteer coordination, and event organization. Interned at the UNESCO Regional Centre for the Safeguarding of the Intangible Cultural Heritage for Southeast Europe.<\/p>\n<p>[\/et_pb_slide][et_pb_slide heading=&#8221;Iva Stanisheva&#8221; button_text=&#8221;LinkedIN&#8221; button_link=&#8221;https:\/\/www.linkedin.com\/in\/ivastanisheva\/&#8221; image=&#8221;https:\/\/newinherit.eu\/wp-content\/uploads\/2025\/04\/Bl3.jpg&#8221; _builder_version=&#8221;4.25.1&#8243; _module_preset=&#8221;default&#8221; background_enable_image=&#8221;off&#8221; global_colors_info=&#8221;{}&#8221; sticky_transition=&#8221;on&#8221;]<\/p>\n<p>Practicing architect and teacher with international experience and interests in regenerative design, urbanism and the search for innovative solutions to adapt the urban environment to climate change. As a board member of the Circular Economy Institute (CEI), she is active in the field of education and promotion of the circular economy and the potential it offers as an alternative solution to the current economic model.<\/p>\n<p>[\/et_pb_slide][et_pb_slide heading=&#8221;Ventsislav Kartselin&#8221; button_text=&#8221;LinkedIN&#8221; button_link=&#8221;https:\/\/www.linkedin.com\/in\/ventsislav-kartselin\/&#8221; image=&#8221;https:\/\/newinherit.eu\/wp-content\/uploads\/2025\/04\/BL4.jpg&#8221; _builder_version=&#8221;4.25.1&#8243; _module_preset=&#8221;default&#8221; background_enable_image=&#8221;off&#8221; global_colors_info=&#8221;{}&#8221; sticky_transition=&#8221;on&#8221;]<\/p>\n<p>A practicing architect with interests in architectural theory, sustainable building development, and the relationship of architecture to history, politics, and economics. He works as a journalist and contributor to the digital platform Stroiinfo with a focus on architecture, urban planning and sustainable development. He broadens his expertise through practical experiences such as curating at the Christo and Jeanne-Claude Centre.<\/p>\n<p>[\/et_pb_slide][\/et_pb_slider][\/et_pb_column][et_pb_column type=&#8221;1_3&#8243; _builder_version=&#8221;4.25.1&#8243; _module_preset=&#8221;default&#8221; global_colors_info=&#8221;{}&#8221;][et_pb_heading title=&#8221;Belgium&#8221; _builder_version=&#8221;4.25.1&#8243; _module_preset=&#8221;default&#8221; title_font=&#8221;|600|||||||&#8221; title_text_align=&#8221;center&#8221; title_font_size=&#8221;40px&#8221; global_colors_info=&#8221;{}&#8221;][\/et_pb_heading][et_pb_slider _builder_version=&#8221;4.25.1&#8243; _module_preset=&#8221;default&#8221; background_color=&#8221;#544467&#8243; global_colors_info=&#8221;{}&#8221;][et_pb_slide heading=&#8221;Raquel Bastos&#8221; button_text=&#8221;LinkedIN&#8221; button_link=&#8221;https:\/\/www.linkedin.com\/in\/raquel-da-silva-bastos-6196b8257\/&#8221; image=&#8221;https:\/\/newinherit.eu\/wp-content\/uploads\/2025\/04\/5.jpg&#8221; _builder_version=&#8221;4.25.1&#8243; _module_preset=&#8221;default&#8221; header_font=&#8221;||||on||||&#8221; global_colors_info=&#8221;{}&#8221; sticky_transition=&#8221;on&#8221;]<\/p>\n<p>I am passionate about arts, In the future I hope to keep on being an artist and to work with the community<\/p>\n<p>[\/et_pb_slide][et_pb_slide heading=&#8221;Kaat De Witte&#8221; button_text=&#8221;LinkedIN&#8221; image=&#8221;https:\/\/newinherit.eu\/wp-content\/uploads\/2025\/04\/1.png&#8221; _builder_version=&#8221;4.25.1&#8243; _module_preset=&#8221;default&#8221; header_font=&#8221;||||on||||&#8221; global_colors_info=&#8221;{}&#8221; sticky_transition=&#8221;on&#8221;]<\/p>\n<p>As someone who works closely with youth from all walks of life, I believe heritage spaces should not only be preserved, but also reimagined by the communities that will shape their future. New Inherit offers the tools and trust needed to make that possible.<\/p>\n<p>[\/et_pb_slide][et_pb_slide heading=&#8221;Ahmed Boulif&#8221; button_text=&#8221;LinkedIN&#8221; image=&#8221;https:\/\/newinherit.eu\/wp-content\/uploads\/2025\/04\/2.png&#8221; _builder_version=&#8221;4.25.1&#8243; _module_preset=&#8221;default&#8221; header_font=&#8221;||||on||||&#8221; global_colors_info=&#8221;{}&#8221; sticky_transition=&#8221;on&#8221;]<\/p>\n<p>New Inherit is a big and ambitious project where each partner and participant tries to create a change on a European and local level. So far the results and activities are and have been already amazing.<\/p>\n<p>[\/et_pb_slide][et_pb_slide heading=&#8221;Tuba G\u00fcclu&#8221; button_text=&#8221;LinkedIN&#8221; image=&#8221;https:\/\/newinherit.eu\/wp-content\/uploads\/2025\/04\/3.png&#8221; _builder_version=&#8221;4.25.1&#8243; _module_preset=&#8221;default&#8221; header_font=&#8221;||||on||||&#8221; global_colors_info=&#8221;{}&#8221; sticky_transition=&#8221;on&#8221;]<\/p>\n<p>Participating in the New Inherit project has proven to be very enlightening and informative, as it taught me what the realistic proces of organizing projects is (brainstorming, data gathering, funding, applying, open call, et cetera) and also all the difficulties of maintaining an NGO (authorization from municipality, maintaining stable funding, etc&#8230;).<\/p>\n<p>[\/et_pb_slide][et_pb_slide heading=&#8221;Tatiana Bello&#8221; button_text=&#8221;LinkedIN&#8221; button_link=&#8221;https:\/\/www.linkedin.com\/in\/tatianarbello\/&#8221; image=&#8221;https:\/\/newinherit.eu\/wp-content\/uploads\/2025\/04\/4.jpg&#8221; _builder_version=&#8221;4.25.1&#8243; _module_preset=&#8221;default&#8221; header_font=&#8221;||||on||||&#8221; global_colors_info=&#8221;{}&#8221; sticky_transition=&#8221;on&#8221;]<\/p>\n<p>New Inherit allows us to see beyond limits, beyond barriers, beyond what we often consider obstacles. New Inherit allows us to embrace our differences and, within them, find the essence of what unites us as a society. The pleasure of exploring the possibilities together to find a balance that connects us, that gives us greater spatial justice, equity, and inclusion.<\/p>\n<p>[\/et_pb_slide][\/et_pb_slider][\/et_pb_column][et_pb_column type=&#8221;1_3&#8243; _builder_version=&#8221;4.25.1&#8243; _module_preset=&#8221;default&#8221; global_colors_info=&#8221;{}&#8221;][et_pb_heading title=&#8221;Spain&#8221; _builder_version=&#8221;4.25.1&#8243; _module_preset=&#8221;default&#8221; title_font=&#8221;|600|||||||&#8221; title_text_align=&#8221;center&#8221; title_font_size=&#8221;40px&#8221; global_colors_info=&#8221;{}&#8221;][\/et_pb_heading][et_pb_slider _builder_version=&#8221;4.25.1&#8243; _module_preset=&#8221;default&#8221; background_color=&#8221;#544467&#8243; global_colors_info=&#8221;{}&#8221;][et_pb_slide heading=&#8221;Joaqu\u00edn Berenguel&#8221; button_text=&#8221;LinkedIN&#8221; button_link=&#8221;https:\/\/www.joaquinberenguel.com\/bio&#8221; image=&#8221;https:\/\/newinherit.eu\/wp-content\/uploads\/2025\/04\/Joaquin-Martinez-Berenguel.jpg&#8221; _builder_version=&#8221;4.25.1&#8243; _module_preset=&#8221;default&#8221; header_font=&#8221;||||on||||&#8221; global_colors_info=&#8221;{}&#8221; sticky_transition=&#8221;on&#8221;]<\/p>\n<p>Joaqu\u00edn Berenguel is a painter, multidisciplinary artist, and director of the Arlequ\u00edn Art Laboratory. He was born in the province of Almer\u00eda (1993), where he became involved in creation from an early age. Due to his artistic interests, he graduated in Fine Arts (2013-2017) and completed a Master&#8217;s degree in Artistic Management and Production (2017-2019), both at the University of Murcia.<\/p>\n<p>[\/et_pb_slide][et_pb_slide heading=&#8221;Jes\u00fas Cobarro&#8221; button_text=&#8221;LinkedIN&#8221; image=&#8221;https:\/\/newinherit.eu\/wp-content\/uploads\/2025\/04\/Jesus-Cobarro.png&#8221; _builder_version=&#8221;4.25.1&#8243; _module_preset=&#8221;default&#8221; header_font=&#8221;||||on||||&#8221; global_colors_info=&#8221;{}&#8221; sticky_transition=&#8221;on&#8221;]<\/p>\n<p>Jes\u00fas Cobarro is an English teacher at the Official School of Languages \u200b\u200band a graduate in English Philology. He has combined his teaching career with an intense career in music for over two decades. He is a founding member, vocalist, and main composer of the Murcian alternative rock band Noise Box, active since 2001, with whom he has toured throughout Spain and also performed abroad, in cities such as Athens and Liverpool. Throughout his career, he has participated in numerous festivals and published an extensive discography that has received excellent critical acclaim.<\/p>\n<p>[\/et_pb_slide][et_pb_slide heading=&#8221;Laura Espinosa&#8221; button_text=&#8221;LinkedIN&#8221; button_link=&#8221;https:\/\/www.7heroes.es\/&#8221; image=&#8221;https:\/\/newinherit.eu\/wp-content\/uploads\/2025\/04\/Laura-Espinosa.png&#8221; _builder_version=&#8221;4.25.1&#8243; _module_preset=&#8221;default&#8221; header_font=&#8221;||||on||||&#8221; global_colors_info=&#8221;{}&#8221; sticky_transition=&#8221;on&#8221;]<\/p>\n<p>Laura Espinosa is a lawyer, business Partner, and manager of \u201c7 Heroes&#8221; Bookstore.<br \/>She also manages cultural activities and cultural events, particularly those related to the comic book and illustration sector. She also works in coordination of artists, adminsitrators, and various other institutions.<\/p>\n<p>[\/et_pb_slide][\/et_pb_slider][\/et_pb_column][\/et_pb_row][\/et_pb_section][et_pb_section fb_built=&#8221;1&#8243; _builder_version=&#8221;4.25.1&#8243; _module_preset=&#8221;default&#8221; global_colors_info=&#8221;{}&#8221;][et_pb_row column_structure=&#8221;1_3,1_3,1_3&#8243; _builder_version=&#8221;4.25.1&#8243; _module_preset=&#8221;default&#8221; global_colors_info=&#8221;{}&#8221;][et_pb_column type=&#8221;1_3&#8243; _builder_version=&#8221;4.25.1&#8243; _module_preset=&#8221;default&#8221; global_colors_info=&#8221;{}&#8221;][et_pb_heading title=&#8221;Italy&#8221; _builder_version=&#8221;4.25.1&#8243; _module_preset=&#8221;default&#8221; title_font=&#8221;|600|||||||&#8221; title_text_align=&#8221;center&#8221; title_font_size=&#8221;40px&#8221; global_colors_info=&#8221;{}&#8221;][\/et_pb_heading][et_pb_slider _builder_version=&#8221;4.25.1&#8243; _module_preset=&#8221;default&#8221; background_color=&#8221;#544467&#8243; global_colors_info=&#8221;{}&#8221;][et_pb_slide heading=&#8221;Martina Consolo&#8221; button_text=&#8221;LinkedIN&#8221; image=&#8221;https:\/\/newinherit.eu\/wp-content\/uploads\/2025\/04\/Imagen2.jpg&#8221; _builder_version=&#8221;4.25.1&#8243; _module_preset=&#8221;default&#8221; header_font=&#8221;||||on||||&#8221; global_colors_info=&#8221;{}&#8221; sticky_transition=&#8221;on&#8221;]<\/p>\n<p>Passionate about theater, particularly the relationship between the actor\/performer and the audience. Fascinated by the possibility of recreating this connection in various, non-traditional spaces. Interested in the conversion of spaces with minimal impact, preserving their historical traces while using mobile or detachable structures, both temporary and permanent. She promotes the idea of theater as an accessible tool for everyone, serving as an educational resource and a means of building relationships.<\/p>\n<p>[\/et_pb_slide][et_pb_slide heading=&#8221;Silvia Cipriano&#8221; button_text=&#8221;LinkedIN&#8221; image=&#8221;https:\/\/newinherit.eu\/wp-content\/uploads\/2025\/04\/Imagen1.png&#8221; _builder_version=&#8221;4.25.1&#8243; _module_preset=&#8221;default&#8221; header_font=&#8221;||||on||||&#8221; global_colors_info=&#8221;{}&#8221; sticky_transition=&#8221;on&#8221;]<\/p>\n<p>Passionate about co-design and participatory methodologies, I believe that encounters with others are essential for creating enriching realities and opportunities. As a keen observer, I enjoy critically analyzing the city and am fascinated by the relationships that exist between individuals and spaces. My passions include design, urban exploration, cinema, flea markets, and chocolate cakes<\/p>\n<p>[\/et_pb_slide][et_pb_slide heading=&#8221;Maria Chiara Scelsi&#8221; button_text=&#8221;LinkedIN&#8221; image=&#8221;https:\/\/newinherit.eu\/wp-content\/uploads\/2025\/04\/Imagen3.jpg&#8221; _builder_version=&#8221;4.25.1&#8243; _module_preset=&#8221;default&#8221; header_font=&#8221;||||on||||&#8221; global_colors_info=&#8221;{}&#8221; sticky_transition=&#8221;on&#8221;]<\/p>\n<p>I am interested in the possibility that bottom-up processes can have on changes in the city and urban spaces. I think architecture should have a purely social role in capacitating citizens to the tool of shared design. I am interested in processes of reappropriation of spaces and community building.<\/p>\n<p>[\/et_pb_slide][et_pb_slide heading=&#8221;Martina Tresca&#8221; button_text=&#8221;LinkedIN&#8221; image=&#8221;https:\/\/newinherit.eu\/wp-content\/uploads\/2025\/04\/Imagen4.png&#8221; _builder_version=&#8221;4.25.1&#8243; _module_preset=&#8221;default&#8221; header_font=&#8221;||||on||||&#8221; global_colors_info=&#8221;{}&#8221; sticky_transition=&#8221;on&#8221;]<\/p>\n<p>Passionate about collective creation of knowledge through participatory practices. I believe in the power of communities and that together, people can create new, alternative realities through imagination and transformative change. I would like to explore how new communities can be built, how they can reclaim their spaces as commons, and resegnify them through arts and culture. I love long walks in cities but especially in the nature and festivals of any kind.<\/p>\n<p>[\/et_pb_slide][\/et_pb_slider][\/et_pb_column][et_pb_column type=&#8221;1_3&#8243; _builder_version=&#8221;4.25.1&#8243; _module_preset=&#8221;default&#8221; global_colors_info=&#8221;{}&#8221;][et_pb_heading title=&#8221;Germany&#8221; _builder_version=&#8221;4.25.1&#8243; _module_preset=&#8221;default&#8221; title_font=&#8221;|600|||||||&#8221; title_text_align=&#8221;center&#8221; title_font_size=&#8221;40px&#8221; global_colors_info=&#8221;{}&#8221;][\/et_pb_heading][et_pb_slider _builder_version=&#8221;4.25.1&#8243; _module_preset=&#8221;default&#8221; header_font=&#8221;||||on||||solid&#8221; background_color=&#8221;#544467&#8243; border_radii_image=&#8221;on|4px|4px|4px|4px&#8221; box_shadow_style_image=&#8221;preset1&#8243; global_colors_info=&#8221;{}&#8221;][et_pb_slide heading=&#8221;Mariana Matoso&#8221; button_text=&#8221;LinkedIN&#8221; button_link=&#8221;https:\/\/www.linkedin.com\/in\/mariana-matoso-897500204?fbclid=PAY2xjawIER8JleHRuA2FlbQIxMQABphAArvxsz3QI4ibNnitXg0CaU1MDA5X_IldNqU1_EKoKm6gcCJKKipE82w_aem_t9Gq2RmcXG-6MUEILbz1Mg&#8221; image=&#8221;https:\/\/newinherit.eu\/wp-content\/uploads\/2025\/03\/CA-GE-1.jpg&#8221; _builder_version=&#8221;4.25.1&#8243; _module_preset=&#8221;default&#8221; global_colors_info=&#8221;{}&#8221; sticky_transition=&#8221;on&#8221;]<\/p>\n<p>I have always been interested and invested in cultural and creative projects, and recently I have been working more in the non-formal education sector with NGOs, and international mobilities. Having recently relocated to Germany, I\u2019ve missed having opportunities to follow my creative expression and integrating artistic initiatives, which were things I was heavily involved in while in Portugal. The opportunity to become a Cultural Ambassador is aligned with my wish to reconnect with the creative sector and contribute to the city.<\/p>\n<p>[\/et_pb_slide][et_pb_slide heading=&#8221;Lotte Ann-Sophi Siefert&#8221; button_text=&#8221;LinkedIN&#8221; button_link=&#8221;https:\/\/www.linkedin.com\/in\/lotte-siefert-395066351\/&#8221; image=&#8221;https:\/\/newinherit.eu\/wp-content\/uploads\/2025\/03\/CA-GE-2.jpg&#8221; _builder_version=&#8221;4.25.1&#8243; _module_preset=&#8221;default&#8221; global_colors_info=&#8221;{}&#8221; sticky_transition=&#8221;on&#8221;]<\/p>\n<p>I love sharing creative techniques with others and bringing together different artistic expressions to create something new. Inclusion is a key focus in my work\u2014I strive to make sure everyone feels welcome and engaged. I believe art is a powerful tool for fostering empathy, understanding, and an appreciation of otherness. Currently, I am organizing upcoming events in Erfurt as part of my Solidarity Corps project, collaborating with artist friends from Erfurt&#8217;s &#8216;Jederkann Galerie.<\/p>\n<p>[\/et_pb_slide][et_pb_slide heading=&#8221;Zaida Guerrero Casado&#8221; button_text=&#8221;LinkedIN&#8221; button_link=&#8221;https:\/\/www.instagram.com\/zaida.guerrero.casado\/&#8221; image=&#8221;https:\/\/newinherit.eu\/wp-content\/uploads\/2025\/03\/CA-GE-3.jpg&#8221; _builder_version=&#8221;4.25.1&#8243; _module_preset=&#8221;default&#8221; global_colors_info=&#8221;{}&#8221; sticky_transition=&#8221;on&#8221;]<\/p>\n<p>I am deeply interested in concepts such as in-between and liminal spaces. Language and communication have also always been among my passions, and for the first time, I have started incorporating text into my work. I am excited to see where this exploration will lead me in my future projects.<\/p>\n<p>[\/et_pb_slide][\/et_pb_slider][\/et_pb_column][et_pb_column type=&#8221;1_3&#8243; _builder_version=&#8221;4.25.1&#8243; _module_preset=&#8221;default&#8221; global_colors_info=&#8221;{}&#8221;][et_pb_heading title=&#8221;Cyprus&#8221; _builder_version=&#8221;4.25.1&#8243; _module_preset=&#8221;default&#8221; title_font=&#8221;|600|||||||&#8221; title_text_align=&#8221;center&#8221; title_font_size=&#8221;40px&#8221; global_colors_info=&#8221;{}&#8221;][\/et_pb_heading][et_pb_slider _builder_version=&#8221;4.25.1&#8243; _module_preset=&#8221;default&#8221; header_font=&#8221;||||on||||&#8221; background_color=&#8221;#544467&#8243; border_radii_image=&#8221;on|4px|4px|4px|4px&#8221; box_shadow_style_image=&#8221;preset1&#8243; global_colors_info=&#8221;{}&#8221;][et_pb_slide heading=&#8221;Georgia Papamichael&#8221; button_text=&#8221;LinkedIN&#8221; image=&#8221;https:\/\/newinherit.eu\/wp-content\/uploads\/2025\/03\/CA-CY-1.png&#8221; _builder_version=&#8221;4.25.1&#8243; _module_preset=&#8221;default&#8221; global_colors_info=&#8221;{}&#8221; sticky_transition=&#8221;on&#8221;]<\/p>\n<p style=\"text-align: center;\">With knowledge of Cyprus&#8217; legal framework, this ambassador is passionate about using their legal expertise to promote green change. They actively support environmental NGOs and are focused on projects that drive sustainable policies and practices, ensuring that environmental laws pave the way for a more sustainable future.<\/p>\n<p>[\/et_pb_slide][et_pb_slide heading=&#8221;Andria Petrou&#8221; button_text=&#8221;LinkedIN&#8221; image=&#8221;https:\/\/newinherit.eu\/wp-content\/uploads\/2025\/03\/CA-CYPRUS-2.png&#8221; use_bg_overlay=&#8221;off&#8221; use_text_overlay=&#8221;off&#8221; _builder_version=&#8221;4.25.1&#8243; _module_preset=&#8221;default&#8221; global_colors_info=&#8221;{}&#8221; sticky_transition=&#8221;on&#8221;]<\/p>\n<p>Volunteer and member of the govenance boards at Active Zone (NGO), also a volunteer at Citizens Act (NGO). She loves nature, outdoor activities, and sustainable living, which drives my work in environmental protection and community projects.<\/p>\n<p>[\/et_pb_slide][et_pb_slide heading=&#8221;Polycarpos Sofokleous&#8221; button_text=&#8221;LinkedIN&#8221; image=&#8221;https:\/\/newinherit.eu\/wp-content\/uploads\/2025\/03\/CA-3-Cyprus.jpg&#8221; _builder_version=&#8221;4.25.1&#8243; _module_preset=&#8221;default&#8221; global_colors_info=&#8221;{}&#8221; sticky_transition=&#8221;on&#8221;]<\/p>\n<p>Passionate about preserving the legacy of the past, this ambassador focuses on restoring historic buildings while maintaining their cultural significance. My future projects aim to bring new life into forgotten architectural treasures, transforming them into dynamic spaces that serve modern needs while celebrating their history.<\/p>\n<p>[\/et_pb_slide][et_pb_slide heading=&#8221;Philitsa Panayidou Sofokleous&#8221; button_text=&#8221;LinkedIN&#8221; image=&#8221;https:\/\/newinherit.eu\/wp-content\/uploads\/2025\/03\/CA-CYPRUS-4.jpg&#8221; _builder_version=&#8221;4.25.1&#8243; _module_preset=&#8221;default&#8221; global_colors_info=&#8221;{}&#8221; sticky_transition=&#8221;on&#8221;]<\/p>\n<p>Dedicated to creating a sustainable future, she is committed to designing buildings that minimize environmental impact while maximizing energy efficiency. Their passion lies in merging sustainability with aesthetic beauty, and future projects will focus on eco-friendly architecture that promotes harmony between urban development and the natural environment.<\/p>\n<p>[\/et_pb_slide][\/et_pb_slider][\/et_pb_column][\/et_pb_row][\/et_pb_section][et_pb_section fb_built=&#8221;1&#8243; _builder_version=&#8221;4.25.1&#8243; _module_preset=&#8221;default&#8221; global_colors_info=&#8221;{}&#8221;][et_pb_row _builder_version=&#8221;4.25.1&#8243; _module_preset=&#8221;default&#8221; global_colors_info=&#8221;{}&#8221;][et_pb_column type=&#8221;4_4&#8243; _builder_version=&#8221;4.25.1&#8243; _module_preset=&#8221;default&#8221; global_colors_info=&#8221;{}&#8221;][et_pb_heading title=&#8221;Cultural Ambassadors Testimonials&#8221; _builder_version=&#8221;4.25.1&#8243; _module_preset=&#8221;default&#8221; title_font=&#8221;|700|||||||&#8221; title_text_align=&#8221;center&#8221; title_font_size=&#8221;45px&#8221; global_colors_info=&#8221;{}&#8221;][\/et_pb_heading][\/et_pb_column][\/et_pb_row][\/et_pb_section][et_pb_section fb_built=&#8221;1&#8243; _builder_version=&#8221;4.25.1&#8243; _module_preset=&#8221;default&#8221; global_colors_info=&#8221;{}&#8221;][et_pb_row column_structure=&#8221;1_3,1_3,1_3&#8243; _builder_version=&#8221;4.25.1&#8243; _module_preset=&#8221;default&#8221; global_colors_info=&#8221;{}&#8221;][et_pb_column type=&#8221;1_3&#8243; _builder_version=&#8221;4.25.1&#8243; _module_preset=&#8221;default&#8221; global_colors_info=&#8221;{}&#8221;][\/et_pb_column][et_pb_column type=&#8221;1_3&#8243; _builder_version=&#8221;4.25.1&#8243; _module_preset=&#8221;default&#8221; global_colors_info=&#8221;{}&#8221;][et_pb_heading title=&#8221;Testbeds in a nutshell&#8221; _builder_version=&#8221;4.25.1&#8243; _module_preset=&#8221;default&#8221; title_font=&#8221;|600|||||||&#8221; title_text_align=&#8221;center&#8221; title_font_size=&#8221;40px&#8221; global_colors_info=&#8221;{}&#8221;][\/et_pb_heading][et_pb_video src=&#8221;https:\/\/www.youtube.com\/watch?v=CVKuohYmq6I&#8221; image_src=&#8221;\/\/i.ytimg.com\/vi\/PvvFTmwmM1A\/hqdefault.jpg&#8221; play_icon_color=&#8221;#8300E9&#8243; font_icon=&#8221;&#x49;||divi||400&#8243; use_icon_font_size=&#8221;on&#8221; _builder_version=&#8221;4.25.1&#8243; _module_preset=&#8221;default&#8221; box_shadow_style=&#8221;preset1&#8243; global_colors_info=&#8221;{}&#8221;][\/et_pb_video][\/et_pb_column][et_pb_column type=&#8221;1_3&#8243; _builder_version=&#8221;4.25.1&#8243; _module_preset=&#8221;default&#8221; global_colors_info=&#8221;{}&#8221;][\/et_pb_column][\/et_pb_row][et_pb_row column_structure=&#8221;1_3,1_3,1_3&#8243; _builder_version=&#8221;4.25.1&#8243; _module_preset=&#8221;default&#8221; global_colors_info=&#8221;{}&#8221;][et_pb_column type=&#8221;1_3&#8243; _builder_version=&#8221;4.25.1&#8243; _module_preset=&#8221;default&#8221; global_colors_info=&#8221;{}&#8221;][et_pb_heading title=&#8221;Italy&#8221; _builder_version=&#8221;4.25.1&#8243; _module_preset=&#8221;default&#8221; title_font=&#8221;|600|||||||&#8221; title_text_align=&#8221;center&#8221; title_font_size=&#8221;40px&#8221; global_colors_info=&#8221;{}&#8221;][\/et_pb_heading][et_pb_video src=&#8221;https:\/\/www.youtube.com\/watch?v=PvvFTmwmM1A&#8221; image_src=&#8221;\/\/i.ytimg.com\/vi\/PvvFTmwmM1A\/hqdefault.jpg&#8221; play_icon_color=&#8221;#8300E9&#8243; font_icon=&#8221;&#x49;||divi||400&#8243; use_icon_font_size=&#8221;on&#8221; _builder_version=&#8221;4.25.1&#8243; _module_preset=&#8221;default&#8221; box_shadow_style=&#8221;preset1&#8243; global_colors_info=&#8221;{}&#8221;][\/et_pb_video][et_pb_video src=&#8221;https:\/\/www.youtube.com\/watch?v=irnw2aJubRo&#038;list=PLjKAsPuOegv0wsNacnjAOWQpOodZ6-_jC&#038;index=1&#8243; image_src=&#8221;\/\/i.ytimg.com\/vi\/PvvFTmwmM1A\/hqdefault.jpg&#8221; play_icon_color=&#8221;#8300E9&#8243; font_icon=&#8221;&#x49;||divi||400&#8243; use_icon_font_size=&#8221;on&#8221; _builder_version=&#8221;4.25.1&#8243; _module_preset=&#8221;default&#8221; hover_enabled=&#8221;0&#8243; box_shadow_style=&#8221;preset1&#8243; global_colors_info=&#8221;{}&#8221; sticky_enabled=&#8221;0&#8243;][\/et_pb_video][et_pb_heading title=&#8221;Spain&#8221; _builder_version=&#8221;4.25.1&#8243; _module_preset=&#8221;default&#8221; title_font=&#8221;|600|||||||&#8221; title_text_align=&#8221;center&#8221; title_font_size=&#8221;40px&#8221; hover_enabled=&#8221;0&#8243; global_colors_info=&#8221;{}&#8221; sticky_enabled=&#8221;0&#8243;][\/et_pb_heading][et_pb_video src=&#8221;https:\/\/www.youtube.com\/watch?v=lgb8gykOxTQ&#038;list=PLjKAsPuOegv0wsNacnjAOWQpOodZ6-_jC&#038;index=5&#8243; image_src=&#8221;\/\/i.ytimg.com\/vi\/PvvFTmwmM1A\/hqdefault.jpg&#8221; play_icon_color=&#8221;#8300E9&#8243; font_icon=&#8221;&#x49;||divi||400&#8243; use_icon_font_size=&#8221;on&#8221; _builder_version=&#8221;4.25.1&#8243; _module_preset=&#8221;default&#8221; hover_enabled=&#8221;0&#8243; box_shadow_style=&#8221;preset1&#8243; global_colors_info=&#8221;{}&#8221; sticky_enabled=&#8221;0&#8243;][\/et_pb_video][\/et_pb_column][et_pb_column type=&#8221;1_3&#8243; _builder_version=&#8221;4.25.1&#8243; _module_preset=&#8221;default&#8221; global_colors_info=&#8221;{}&#8221;][et_pb_heading title=&#8221;Germany&#8221; _builder_version=&#8221;4.25.1&#8243; _module_preset=&#8221;default&#8221; title_font=&#8221;|600|||||||&#8221; title_text_align=&#8221;center&#8221; title_font_size=&#8221;40px&#8221; global_colors_info=&#8221;{}&#8221;][\/et_pb_heading][et_pb_video src=&#8221;https:\/\/www.youtube.com\/watch?v=R4tgMTvanNw&#8221; image_src=&#8221;\/\/i.ytimg.com\/vi\/PvvFTmwmM1A\/hqdefault.jpg&#8221; play_icon_color=&#8221;#8300E9&#8243; font_icon=&#8221;&#x49;||divi||400&#8243; use_icon_font_size=&#8221;on&#8221; _builder_version=&#8221;4.25.1&#8243; _module_preset=&#8221;default&#8221; box_shadow_style=&#8221;preset1&#8243; global_colors_info=&#8221;{}&#8221;][\/et_pb_video][et_pb_video src=&#8221;https:\/\/www.youtube.com\/watch?v=lJj-c6KNFvE&#038;list=PLjKAsPuOegv0wsNacnjAOWQpOodZ6-_jC&#038;index=4&#8243; image_src=&#8221;\/\/i.ytimg.com\/vi\/PvvFTmwmM1A\/hqdefault.jpg&#8221; play_icon_color=&#8221;#8300E9&#8243; font_icon=&#8221;&#x49;||divi||400&#8243; use_icon_font_size=&#8221;on&#8221; _builder_version=&#8221;4.25.1&#8243; _module_preset=&#8221;default&#8221; hover_enabled=&#8221;0&#8243; box_shadow_style=&#8221;preset1&#8243; global_colors_info=&#8221;{}&#8221; sticky_enabled=&#8221;0&#8243;][\/et_pb_video][et_pb_heading title=&#8221;Bulgaria&#8221; _builder_version=&#8221;4.25.1&#8243; _module_preset=&#8221;default&#8221; title_font=&#8221;|600|||||||&#8221; title_text_align=&#8221;center&#8221; title_font_size=&#8221;40px&#8221; hover_enabled=&#8221;0&#8243; global_colors_info=&#8221;{}&#8221; sticky_enabled=&#8221;0&#8243;][\/et_pb_heading][et_pb_video src=&#8221;https:\/\/www.youtube.com\/watch?v=L2HaMrFABaE&#038;list=PLjKAsPuOegv0wsNacnjAOWQpOodZ6-_jC&#038;index=8&#8243; image_src=&#8221;\/\/i.ytimg.com\/vi\/PvvFTmwmM1A\/hqdefault.jpg&#8221; play_icon_color=&#8221;#8300E9&#8243; font_icon=&#8221;&#x49;||divi||400&#8243; use_icon_font_size=&#8221;on&#8221; _builder_version=&#8221;4.25.1&#8243; _module_preset=&#8221;default&#8221; hover_enabled=&#8221;0&#8243; box_shadow_style=&#8221;preset1&#8243; global_colors_info=&#8221;{}&#8221; sticky_enabled=&#8221;0&#8243;][\/et_pb_video][et_pb_video src=&#8221;https:\/\/www.youtube.com\/watch?v=4BXqehq1qmw&#038;list=PLjKAsPuOegv0wsNacnjAOWQpOodZ6-_jC&#038;index=6&#8243; image_src=&#8221;\/\/i.ytimg.com\/vi\/PvvFTmwmM1A\/hqdefault.jpg&#8221; play_icon_color=&#8221;#8300E9&#8243; font_icon=&#8221;&#x49;||divi||400&#8243; use_icon_font_size=&#8221;on&#8221; _builder_version=&#8221;4.25.1&#8243; _module_preset=&#8221;default&#8221; hover_enabled=&#8221;0&#8243; box_shadow_style=&#8221;preset1&#8243; global_colors_info=&#8221;{}&#8221; sticky_enabled=&#8221;0&#8243;][\/et_pb_video][\/et_pb_column][et_pb_column type=&#8221;1_3&#8243; _builder_version=&#8221;4.25.1&#8243; _module_preset=&#8221;default&#8221; global_colors_info=&#8221;{}&#8221;][et_pb_heading title=&#8221;Cyprus&#8221; _builder_version=&#8221;4.25.1&#8243; _module_preset=&#8221;default&#8221; title_font=&#8221;|600|||||||&#8221; title_text_align=&#8221;center&#8221; title_font_size=&#8221;40px&#8221; global_colors_info=&#8221;{}&#8221;][\/et_pb_heading][et_pb_video src=&#8221;https:\/\/www.youtube.com\/watch?v=7cSGw9GTp5s&#038;list=PLjKAsPuOegv0wsNacnjAOWQpOodZ6-_jC&#038;pp=0gcJCV8EOCosWNin&#8221; image_src=&#8221;\/\/i.ytimg.com\/vi\/PvvFTmwmM1A\/hqdefault.jpg&#8221; play_icon_color=&#8221;#8300E9&#8243; font_icon=&#8221;&#x49;||divi||400&#8243; use_icon_font_size=&#8221;on&#8221; _builder_version=&#8221;4.25.1&#8243; _module_preset=&#8221;default&#8221; box_shadow_style=&#8221;preset1&#8243; global_colors_info=&#8221;{}&#8221;][\/et_pb_video][et_pb_video src=&#8221;https:\/\/www.youtube.com\/watch?v=pha2D5A8fs4&#038;list=PLjKAsPuOegv0wsNacnjAOWQpOodZ6-_jC&#038;index=3&#8243; image_src=&#8221;\/\/i.ytimg.com\/vi\/PvvFTmwmM1A\/hqdefault.jpg&#8221; play_icon_color=&#8221;#8300E9&#8243; font_icon=&#8221;&#x49;||divi||400&#8243; use_icon_font_size=&#8221;on&#8221; _builder_version=&#8221;4.25.1&#8243; _module_preset=&#8221;default&#8221; hover_enabled=&#8221;0&#8243; box_shadow_style=&#8221;preset1&#8243; global_colors_info=&#8221;{}&#8221; sticky_enabled=&#8221;0&#8243;][\/et_pb_video][et_pb_heading title=&#8221;Belgium&#8221; _builder_version=&#8221;4.25.1&#8243; _module_preset=&#8221;default&#8221; title_font=&#8221;|600|||||||&#8221; title_text_align=&#8221;center&#8221; title_font_size=&#8221;40px&#8221; hover_enabled=&#8221;0&#8243; global_colors_info=&#8221;{}&#8221; sticky_enabled=&#8221;0&#8243;][\/et_pb_heading][et_pb_video src=&#8221;https:\/\/www.youtube.com\/watch?v=C39Zh813POI&#038;list=PLjKAsPuOegv0wsNacnjAOWQpOodZ6-_jC&#038;index=2&#8243; image_src=&#8221;\/\/i.ytimg.com\/vi\/PvvFTmwmM1A\/hqdefault.jpg&#8221; play_icon_color=&#8221;#8300E9&#8243; font_icon=&#8221;&#x49;||divi||400&#8243; use_icon_font_size=&#8221;on&#8221; _builder_version=&#8221;4.25.1&#8243; _module_preset=&#8221;default&#8221; hover_enabled=&#8221;0&#8243; box_shadow_style=&#8221;preset1&#8243; global_colors_info=&#8221;{}&#8221; sticky_enabled=&#8221;0&#8243;][\/et_pb_video][\/et_pb_column][\/et_pb_row][\/et_pb_section]<\/p>\n","protected":false},"excerpt":{"rendered":"<p>The program engages young professionals in culture-related fields to drive community cultural activation in six Testbeds across Europe. After an open call for applications, the selected candidates participate in three study visits and training sessions (Germany, Spain, Belgium) and are integrated into a co-creation and mentoring network for cultural activation. During the three study visits [&hellip;]<\/p>\n","protected":false},"author":1,"featured_media":0,"parent":0,"menu_order":0,"comment_status":"closed","ping_status":"closed","template":"","meta":{"_bbp_topic_count":0,"_bbp_reply_count":0,"_bbp_total_topic_count":0,"_bbp_total_reply_count":0,"_bbp_voice_count":0,"_bbp_anonymous_reply_count":0,"_bbp_topic_count_hidden":0,"_bbp_reply_count_hidden":0,"_bbp_forum_subforum_count":0,"_et_pb_use_builder":"on","_et_pb_old_content":"<!-- wp:paragraph {\"style\":{\"typography\":{\"fontStyle\":\"normal\",\"fontWeight\":\"400\"}},\"fontSize\":\"medium\"} -->\n<p class=\"has-medium-font-size\" style=\"font-style:normal;font-weight:400\"><em>NEW INHERIT is co-funded by the&nbsp;Creative Europe Program, under the call&nbsp;CREA-CULT-2023-COOP,&nbsp;Grant Agreement: 101131362 \u2014 NEW INHERIT. Views and opinions expressed are however those of the author(s) only and do not necessarily reflect those of the European Union. Neither the European Union nor the granting authority can be held responsible for them.<\/em><\/p>\n<!-- \/wp:paragraph -->\n\n<!-- wp:heading -->\n<h2 class=\"wp-block-heading\">New Inherit Cultural Ambassadors Program<\/h2>\n<!-- \/wp:heading -->\n\n<!-- wp:paragraph {\"fontSize\":\"medium\"} -->\n<p class=\"has-medium-font-size\">A core element of our New Inherit cooperation, is the long-term mentoring and networking of thirty Cultural Ambassadors, facilitating self-driven work within the context of our adaptive reuse Testbed Sites. Cultural Ambassadors will be cultural, social, or creative arts-sector actors, who will engage within a long-term stipended mentorship program, containing three study visits (Germany, Belgium, Spain), ongoing collaboration with our local partners, and access to a network of placemaking contexts across Europe.\u00a0<\/p>\n<!-- \/wp:paragraph -->\n\n<!-- wp:paragraph {\"fontSize\":\"medium\"} -->\n<p class=\"has-medium-font-size\">The program will engage young professionals in culture-related fields to&nbsp;drive community cultural activation in our Testbed Sites. After this open-call for applications, the selected candidates will then participate in&nbsp;three study visits and training sessions&nbsp;(Germany, Spain, Brussels), and be integrated into a network of co-creation &amp; mentoring for their (funded) cultural activation within the testbed site.<\/p>\n<!-- \/wp:paragraph -->\n\n<!-- wp:paragraph {\"fontSize\":\"medium\"} -->\n<p class=\"has-medium-font-size\">During the three trainings and study visits, as well as through the mentoring program, we will develop skills in cultural space activation and adaptive reuse of heritage spaces, contribute to local activities, promote non-formal education, and ensure the inclusion of socially excluded groups within these processes. The program will involve&nbsp;continuous engagement through meetings &amp; co-creation&nbsp;during the program period of 12 months.<\/p>\n<!-- \/wp:paragraph -->\n\n<!-- wp:heading {\"level\":3,\"fontSize\":\"medium\"} -->\n<h3 class=\"wp-block-heading has-medium-font-size\">Call Opened<\/h3>\n<!-- \/wp:heading -->\n\n<!-- wp:paragraph {\"fontSize\":\"medium\"} -->\n<p class=\"has-medium-font-size\">Click&nbsp;<a href=\"https:\/\/www.canva.com\/design\/DAGKoga1gAM\/eidMStl-J8FExTueH57SIA\/view?utm_content=DAGKoga1gAM&amp;utm_campaign=designshare&amp;utm_medium=link&amp;utm_source=editor\">here<\/a>&nbsp;to view the Infopack&nbsp;<\/p>\n<!-- \/wp:paragraph -->\n\n<!-- wp:paragraph {\"fontSize\":\"medium\"} -->\n<p class=\"has-medium-font-size\">Click&nbsp;<a href=\"https:\/\/docs.google.com\/forms\/d\/e\/1FAIpQLScdrdfWiDmqyoF5ifgpfRQMLWAlMc1hoit0SKQpjQ1raxrXMg\/viewform\">here<\/a>&nbsp;to access the Application Form&nbsp;<\/p>\n<!-- \/wp:paragraph -->\n\n<!-- wp:paragraph {\"fontSize\":\"medium\"} -->\n<p class=\"has-medium-font-size\">Cultural Ambassadors should&nbsp;<strong>prepare a short concept for their intervention<\/strong>&nbsp;in the testbed sites, and a copy of this will be requested in the application form.&nbsp;<\/p>\n<!-- \/wp:paragraph -->\n\n<!-- wp:paragraph {\"fontSize\":\"medium\"} -->\n<p class=\"has-medium-font-size\">15th August, 2024<\/p>\n<!-- \/wp:paragraph -->\n\n<!-- wp:heading {\"level\":3,\"fontSize\":\"medium\"} -->\n<h3 class=\"wp-block-heading has-medium-font-size\">Shortlist Contacted<\/h3>\n<!-- \/wp:heading -->\n\n<!-- wp:paragraph {\"fontSize\":\"medium\"} -->\n<p class=\"has-medium-font-size\">A list of applicants will be contacted for a short video interview. All candidates will be contacted and informed of results by September 28th, 2024.<\/p>\n<!-- \/wp:paragraph -->\n\n<!-- wp:paragraph {\"fontSize\":\"medium\"} -->\n<p class=\"has-medium-font-size\">15th September, 2024<\/p>\n<!-- \/wp:paragraph -->\n\n<!-- wp:heading {\"level\":3,\"fontSize\":\"medium\"} -->\n<h3 class=\"wp-block-heading has-medium-font-size\">Preparation meetings<\/h3>\n<!-- \/wp:heading -->\n\n<!-- wp:paragraph {\"fontSize\":\"medium\"} -->\n<p class=\"has-medium-font-size\">Online spaces to network with cultural ambassadors from across the partnership, and to design the training programs in the context of your needs.<\/p>\n<!-- \/wp:paragraph -->\n\n<!-- wp:paragraph {\"fontSize\":\"medium\"} -->\n<p class=\"has-medium-font-size\">October, 2024<\/p>\n<!-- \/wp:paragraph -->\n\n<!-- wp:heading {\"level\":3,\"fontSize\":\"medium\"} -->\n<h3 class=\"wp-block-heading has-medium-font-size\">Training Course in Germany<\/h3>\n<!-- \/wp:heading -->\n\n<!-- wp:paragraph {\"fontSize\":\"medium\"} -->\n<p class=\"has-medium-font-size\">Residential TC &amp; Observatory Case Vist in Berlin, Erfurt &amp; Weimar, Germany<\/p>\n<!-- \/wp:paragraph -->\n\n<!-- wp:paragraph {\"fontSize\":\"medium\"} -->\n<p class=\"has-medium-font-size\">A five day study-visit to placemaking cases in Germany (Berlin, Erfurt, Weimar)<\/p>\n<!-- \/wp:paragraph -->\n\n<!-- wp:paragraph {\"fontSize\":\"medium\"} -->\n<p class=\"has-medium-font-size\">24-28th November 2024&nbsp;<\/p>\n<!-- \/wp:paragraph -->\n\n<!-- wp:heading {\"level\":3,\"fontSize\":\"medium\"} -->\n<h3 class=\"wp-block-heading has-medium-font-size\">Funded Residency in Testbed Sites<\/h3>\n<!-- \/wp:heading -->\n\n<!-- wp:paragraph {\"fontSize\":\"medium\"} -->\n<p class=\"has-medium-font-size\">Funded Residency of Cultural Ambassadors within Placemaking Testbed Sites<\/p>\n<!-- \/wp:paragraph -->\n\n<!-- wp:paragraph {\"fontSize\":\"medium\"} -->\n<p class=\"has-medium-font-size\">Mentored and funded local actions, which will be developed during our trainings.<\/p>\n<!-- \/wp:paragraph -->\n\n<!-- wp:paragraph {\"fontSize\":\"medium\"} -->\n<p class=\"has-medium-font-size\">Ongoing Processes During Program<\/p>\n<!-- \/wp:paragraph -->\n\n<!-- wp:heading {\"level\":3,\"fontSize\":\"medium\"} -->\n<h3 class=\"wp-block-heading has-medium-font-size\">Training Course in Spain<\/h3>\n<!-- \/wp:heading -->\n\n<!-- wp:paragraph {\"fontSize\":\"medium\"} -->\n<p class=\"has-medium-font-size\">Residential Training &amp; Observatory Case Visit in Murcia, Spain<\/p>\n<!-- \/wp:paragraph -->\n\n<!-- wp:paragraph {\"fontSize\":\"medium\"} -->\n<p class=\"has-medium-font-size\">A five day study-visit to placemaking cases in Murcia, and an opportunity for in-person mentoring on your local actions.<\/p>\n<!-- \/wp:paragraph -->\n\n<!-- wp:paragraph {\"fontSize\":\"medium\"} -->\n<p class=\"has-medium-font-size\">5 Days between 7-14th of April 2025<\/p>\n<!-- \/wp:paragraph -->\n\n<!-- wp:heading {\"level\":3,\"fontSize\":\"medium\"} -->\n<h3 class=\"wp-block-heading has-medium-font-size\">Training Course in Belgium<\/h3>\n<!-- \/wp:heading -->\n\n<!-- wp:paragraph {\"fontSize\":\"medium\"} -->\n<p class=\"has-medium-font-size\">Residential Training &amp; Observatory Case Visit in Brussels, Belgium<\/p>\n<!-- \/wp:paragraph -->\n\n<!-- wp:paragraph {\"fontSize\":\"medium\"} -->\n<p class=\"has-medium-font-size\">A five day study-visit to placemaking cases in Belgium, and an opportunity for in-person mentoring on your local actions.<\/p>\n<!-- \/wp:paragraph -->\n\n<!-- wp:paragraph {\"fontSize\":\"medium\"} -->\n<p class=\"has-medium-font-size\">TBD, 2025<\/p>\n<!-- \/wp:paragraph -->\n\n<!-- wp:heading {\"level\":3,\"fontSize\":\"medium\"} -->\n<h3 class=\"wp-block-heading has-medium-font-size\">Final Evaluation Meeting<\/h3>\n<!-- \/wp:heading -->\n\n<!-- wp:paragraph {\"fontSize\":\"medium\"} -->\n<p class=\"has-medium-font-size\">Final Evaluation Meeting<\/p>\n<!-- \/wp:paragraph -->\n\n<!-- wp:paragraph {\"fontSize\":\"medium\"} -->\n<p class=\"has-medium-font-size\">An online meeting of the partners and cultural ambassadors, to collect experiences and learning throughout the program.<\/p>\n<!-- \/wp:paragraph -->\n\n<!-- wp:paragraph {\"fontSize\":\"medium\"} -->\n<p class=\"has-medium-font-size\">Late 2025<\/p>\n<!-- \/wp:paragraph -->\n\n<!-- wp:heading {\"level\":3,\"fontSize\":\"medium\"} -->\n<h3 class=\"wp-block-heading has-medium-font-size\">How to Apply<\/h3>\n<!-- \/wp:heading -->\n\n<!-- wp:list -->\n<ul class=\"wp-block-list\"><!-- wp:list-item {\"fontSize\":\"medium\"} -->\n<li class=\"has-medium-font-size\">Click\u00a0<a href=\"https:\/\/www.canva.com\/design\/DAGKoga1gAM\/eidMStl-J8FExTueH57SIA\/view?utm_content=DAGKoga1gAM&amp;utm_campaign=designshare&amp;utm_medium=link&amp;utm_source=editor\">here<\/a>\u00a0to view the Infopack\u00a0<\/li>\n<!-- \/wp:list-item -->\n\n<!-- wp:list-item {\"fontSize\":\"medium\"} -->\n<li class=\"has-medium-font-size\">Click\u00a0<a href=\"https:\/\/docs.google.com\/forms\/d\/e\/1FAIpQLScdrdfWiDmqyoF5ifgpfRQMLWAlMc1hoit0SKQpjQ1raxrXMg\/viewform\">here<\/a>\u00a0to access the Application Form\u00a0<\/li>\n<!-- \/wp:list-item -->\n\n<!-- wp:list-item {\"fontSize\":\"medium\"} -->\n<li class=\"has-medium-font-size\">Cultural Ambassadors should\u00a0<strong>prepare a short concept for their intervention<\/strong>\u00a0in the testbed sites, and a copy of this will be requested in the application form. For example, a small graphic demonstrating how your specific artistic, cultural, social background will be integrated into the programs of the Testbed Sites.\u00a0<\/li>\n<!-- \/wp:list-item --><\/ul>\n<!-- \/wp:list -->\n\n<!-- wp:paragraph {\"fontSize\":\"medium\"} -->\n<p class=\"has-medium-font-size\"><strong>About our Partners:<\/strong><br>A consortium of nine organisations, including urbanism specialists, capacity-building &amp; non-formal education NGOs, metropolitan municipalities, and European-level networks..<\/p>\n<!-- \/wp:paragraph -->\n\n<!-- wp:paragraph {\"fontSize\":\"medium\"} -->\n<p class=\"has-medium-font-size\">Our partners have a combined decades of experience in developing interventions in the space of placemaking, urban co-creation, and non-formal education.<\/p>\n<!-- \/wp:paragraph -->\n\n<!-- wp:list -->\n<ul class=\"wp-block-list\"><!-- wp:list-item {\"fontSize\":\"medium\"} -->\n<li class=\"has-medium-font-size\">CULTURE GOES EUROPE \/ WEIMAR, GERMANY<\/li>\n<!-- \/wp:list-item -->\n\n<!-- wp:list-item {\"fontSize\":\"medium\"} -->\n<li class=\"has-medium-font-size\">URBAN FOXES \/ BRUSSELS, BELGIUM<\/li>\n<!-- \/wp:list-item -->\n\n<!-- wp:list-item {\"fontSize\":\"medium\"} -->\n<li class=\"has-medium-font-size\">UP PROJECT \/ SPAIN<\/li>\n<!-- \/wp:list-item -->\n\n<!-- wp:list-item {\"fontSize\":\"medium\"} -->\n<li class=\"has-medium-font-size\">THE EMPHASYS CENTER \/ CYPRUS<\/li>\n<!-- \/wp:list-item -->\n\n<!-- wp:list-item {\"fontSize\":\"medium\"} -->\n<li class=\"has-medium-font-size\">YOUTH FOR EXCHANGE AND UNDERSTANDING \/ BRUSSELS, BELGIUM<\/li>\n<!-- \/wp:list-item -->\n\n<!-- wp:list-item {\"fontSize\":\"medium\"} -->\n<li class=\"has-medium-font-size\">SGUARDI URBANI \/ ITALY<\/li>\n<!-- \/wp:list-item -->\n\n<!-- wp:list-item {\"fontSize\":\"medium\"} -->\n<li class=\"has-medium-font-size\">URBAN IDEAS AND DESIGN ASSOCIATION\/ SOFIA, BULGARIA<\/li>\n<!-- \/wp:list-item -->\n\n<!-- wp:list-item {\"fontSize\":\"medium\"} -->\n<li class=\"has-medium-font-size\">THE CITY OF MURCIA \/ SPAIN<\/li>\n<!-- \/wp:list-item -->\n\n<!-- wp:list-item {\"fontSize\":\"medium\"} -->\n<li class=\"has-medium-font-size\">ASOCIACION INSTITUTO DE GESTORES Y PROGRAMADOR \/ SPAIN<\/li>\n<!-- \/wp:list-item --><\/ul>\n<!-- \/wp:list -->\n\n<!-- wp:paragraph -->\n<p><\/p>\n<!-- \/wp:paragraph -->\n\n<!-- wp:paragraph -->\n<p><\/p>\n<!-- \/wp:paragraph -->\n\n<!-- wp:paragraph -->\n<p><\/p>\n<!-- \/wp:paragraph -->\n\n<!-- wp:paragraph -->\n<p><\/p>\n<!-- \/wp:paragraph -->\n\n<!-- wp:paragraph {\"style\":{\"typography\":{\"fontSize\":\"52px\"}}} -->\n<p style=\"font-size:52px\"><\/p>\n<!-- \/wp:paragraph -->\n\n<!-- wp:paragraph -->\n<p><\/p>\n<!-- \/wp:paragraph -->\n\n<!-- wp:paragraph -->\n<p><\/p>\n<!-- \/wp:paragraph -->\n\n<!-- wp:paragraph -->\n<p><\/p>\n<!-- \/wp:paragraph -->","_et_gb_content_width":"","footnotes":""},"class_list":["post-924","page","type-page","status-publish","hentry"],"aioseo_notices":[],"_links":{"self":[{"href":"https:\/\/newinherit.eu\/index.php\/wp-json\/wp\/v2\/pages\/924","targetHints":{"allow":["GET"]}}],"collection":[{"href":"https:\/\/newinherit.eu\/index.php\/wp-json\/wp\/v2\/pages"}],"about":[{"href":"https:\/\/newinherit.eu\/index.php\/wp-json\/wp\/v2\/types\/page"}],"author":[{"embeddable":true,"href":"https:\/\/newinherit.eu\/index.php\/wp-json\/wp\/v2\/users\/1"}],"replies":[{"embeddable":true,"href":"https:\/\/newinherit.eu\/index.php\/wp-json\/wp\/v2\/comments?post=924"}],"version-history":[{"count":51,"href":"https:\/\/newinherit.eu\/index.php\/wp-json\/wp\/v2\/pages\/924\/revisions"}],"predecessor-version":[{"id":1612,"href":"https:\/\/newinherit.eu\/index.php\/wp-json\/wp\/v2\/pages\/924\/revisions\/1612"}],"wp:attachment":[{"href":"https:\/\/newinherit.eu\/index.php\/wp-json\/wp\/v2\/media?parent=924"}],"curies":[{"name":"wp","href":"https:\/\/api.w.org\/{rel}","templated":true}]}}